{"id":232,"date":"2023-04-10T08:03:20","date_gmt":"2023-04-10T13:03:20","guid":{"rendered":"http:\/\/10.1.54.164\/mie\/?page_id=232"},"modified":"2024-10-25T10:16:54","modified_gmt":"2024-10-25T15:16:54","slug":"programa","status":"publish","type":"page","link":"https:\/\/simon.uis.edu.co\/mie\/programa\/","title":{"rendered":"Programa"},"content":{"rendered":"\n<div style=\"height:100px\" aria-hidden=\"true\" class=\"wp-block-spacer\"><\/div>\n\n\n\n<div class=\"wp-block-group\"><div class=\"wp-block-group__inner-container is-layout-constrained wp-block-group-is-layout-constrained\">\n<h2 class=\"wp-block-heading has-text-align-center has-text-color has-link-color has-large-font-size wp-elements-498f8278bdea4854ff45675ece5eaa82\" style=\"color:#8064a2\">Perfil del aspirante<\/h2>\n\n\n\n<p class=\"has-black-color has-text-color has-medium-font-size\">La Maestr\u00eda en Inform\u00e1tica para la Educaci\u00f3n, dado sus objetos de estudio y campos de aplicaci\u00f3n, ser\u00e1 una oferta educativa para profesionales de las distintas \u00e1reas del conocimiento. En ello se espera que, preferiblemente, los aspirantes sean agentes educativos activos de los niveles educativos de pre-escolar, b\u00e1sica y media, con el objeto de facilitar la aplicaci\u00f3n y transferencia de la formaci\u00f3n del programa de posgrado.<\/p>\n\n\n\n<p class=\"has-black-color has-text-color has-medium-font-size\">Se aclara que la oferta no excluye a agentes educativos de la educaci\u00f3n superior, siempre y cuando demuestren experiencia, relaciones o intereses por intervenir los niveles educativos precedentes.<\/p>\n<\/div><\/div>\n\n\n\n<div style=\"height:100px\" aria-hidden=\"true\" class=\"wp-block-spacer\"><\/div>\n\n\n\n<div class=\"wp-block-group\"><div class=\"wp-block-group__inner-container is-layout-constrained wp-block-group-is-layout-constrained\">\n<h2 class=\"wp-block-heading has-text-align-center has-text-color has-link-color has-large-font-size wp-elements-d64f3129889e433ab021152ae6d1c955\" style=\"color:#8064a2\">Perfil del egresado<\/h2>\n\n\n\n<p class=\"has-black-color has-text-color has-medium-font-size\">El mag\u00edster del programa de Maestr\u00eda en Inform\u00e1tica para la Educaci\u00f3n es una persona que asume, en el contexto de las TICC y con las TICC, los problemas organizacionales, con intervenciones educativas en las que se manifiestan sus competencias pedag\u00f3gicas, tecnol\u00f3gicas e investigativas, como base para el desarrollo de procesos de investigaci\u00f3n-acci\u00f3n; en di\u00e1logo con los diferentes agentes educativos, reconociendo la diversidad y apoyando la construcci\u00f3n de la unidad organizacional.\u00a0<\/p>\n\n\n\n<h2 class=\"wp-block-heading has-text-align-center has-text-color has-link-color has-large-font-size wp-elements-6d138e3da43d135c8ecba7d8b3d2cb53\" style=\"color:#8064a2\">Competencias<\/h2>\n\n\n\n<p class=\"has-text-align-left has-black-color has-text-color has-medium-font-size\">En concordancia con las perspectivas del Ministerio de Educaci\u00f3n Nacional en cuanto al desarrollo de competencias para la innovaci\u00f3n educativa se espera que las competencias se desarrollen y evidencien en diferentes niveles de complejidad o momentos: exploraci\u00f3n, integraci\u00f3n e innovaci\u00f3n. Al pasar de un nivel al otro se muestra un grado de dominio y profundidad cada vez mayor, acompa\u00f1ado de una elaboraci\u00f3n conceptual, te\u00f3rica y procedimental.<\/p>\n\n\n\n<p class=\"has-black-color has-text-color has-medium-font-size\">De manera general, las siguientes son las competencias pretendidas:<\/p>\n\n\n\n<div class=\"wp-block-group\"><div class=\"wp-block-group__inner-container is-layout-constrained wp-block-group-is-layout-constrained\">\n<p class=\"has-black-color has-text-color has-medium-font-size\"><strong>Pedag\u00f3gicas<\/strong><\/p>\n\n\n\n<ul class=\"wp-block-list has-black-color has-text-color has-medium-font-size\">\n<li class=\"has-medium-font-size\">Interviene las pr\u00e1cticas educativas, motivado por decisiones aut\u00f3nomas que se basan en el deseo de repensarlas y resignificarlas.<\/li>\n\n\n\n<li class=\"has-medium-font-size\">Construye acciones intencionadas y reflexivas a partir del deseo personal por transformar constantemente su quehacer docente.<\/li>\n\n\n\n<li class=\"has-medium-font-size\">Valora, incorpora y respalda los principios, normas, razones y expectativas del contexto cultural que identifica el aprendizaje de la inform\u00e1tica y con inform\u00e1tica.<\/li>\n<\/ul>\n<\/div><\/div>\n\n\n\n<div class=\"wp-block-group has-black-color has-text-color has-medium-font-size\"><div class=\"wp-block-group__inner-container is-layout-constrained wp-block-group-is-layout-constrained\">\n<p class=\"has-black-color has-text-color has-medium-font-size\"><strong>Comunicativas<\/strong><\/p>\n\n\n\n<ul class=\"wp-block-list has-black-color has-text-color has-medium-font-size\">\n<li>Reconoce y caracteriza al otro como interlocutor v\u00e1lido en procesos conjuntos de construcci\u00f3n de experiencias educativas.<\/li>\n\n\n\n<li>Lidera procesos de trabajo colectivo que conlleven a intervenir necesidades y problem\u00e1ticas educativas.<\/li>\n\n\n\n<li>Participa en comunidades de pr\u00e1ctica en donde el objeto de reflexi\u00f3n e intervenci\u00f3n sea el aprendizaje de inform\u00e1tica y con inform\u00e1tica.<\/li>\n<\/ul>\n<\/div><\/div>\n\n\n\n<div class=\"wp-block-group has-black-color has-text-color has-medium-font-size\"><div class=\"wp-block-group__inner-container is-layout-constrained wp-block-group-is-layout-constrained\">\n<p class=\"has-black-color has-text-color has-medium-font-size\"><strong>Tecnol\u00f3gicas<\/strong><\/p>\n\n\n\n<ul class=\"wp-block-list has-black-color has-text-color has-medium-font-size\">\n<li>Explora los recursos tecnol\u00f3gicos dise\u00f1ados para apoyar procesos de ense\u00f1anza, aprendizaje y evaluaci\u00f3n.<\/li>\n\n\n\n<li>Eval\u00faa los recursos tecnol\u00f3gicos en funci\u00f3n de su pertinencia, calidad y coherencia educativa.<\/li>\n\n\n\n<li>Selecciona los recursos tecnol\u00f3gicos convenientes para apoyar los procesos de formaci\u00f3n.<\/li>\n\n\n\n<li>Asume los recursos tecnol\u00f3gicos, contextualiz\u00e1ndolos desde los propios prop\u00f3sitos educativos.<\/li>\n\n\n\n<li>Domina los sistemas operativos y estructuras b\u00e1sicas del software educativo.<\/li>\n\n\n\n<li>Opera los recursos tecnol\u00f3gicos que incorpora en la pr\u00e1ctica educativa tanto software como hardware.<\/li>\n\n\n\n<li>Tiene conocimientos en materia de mantenimiento y seguridad de la informaci\u00f3n.<\/li>\n<\/ul>\n<\/div><\/div>\n\n\n\n<div class=\"wp-block-group has-black-color has-text-color has-medium-font-size\"><div class=\"wp-block-group__inner-container is-layout-constrained wp-block-group-is-layout-constrained\">\n<p class=\"has-black-color has-text-color has-medium-font-size\"><strong>Investigativas<\/strong><\/p>\n\n\n\n<ul class=\"wp-block-list has-black-color has-text-color has-medium-font-size\">\n<li>Identifica, estudia y eval\u00faa problem\u00e1ticas educativas, a la luz de referentes te\u00f3ricos y procedimentales.<\/li>\n\n\n\n<li>Demuestra dominio en cuanto al acceso, evaluaci\u00f3n y uso de fuentes de informaci\u00f3n de rigor.<\/li>\n\n\n\n<li>Plantea y experimenta soluciones a problemas educativos, mediante la formulaci\u00f3n de propuestas de investigaci\u00f3n-acci\u00f3n relacionadas con la incorporaci\u00f3n significativa de recursos tecnol\u00f3gicos.<\/li>\n\n\n\n<li>Transforma los saberes y genera nuevos conocimientos que aporten al desarrollo de los agentes educativos de su contexto escolar.<\/li>\n<\/ul>\n<\/div><\/div>\n\n\n\n<div class=\"wp-block-group has-black-color has-text-color has-medium-font-size\"><div class=\"wp-block-group__inner-container is-layout-constrained wp-block-group-is-layout-constrained\">\n<p class=\"has-black-color has-text-color has-medium-font-size\"><strong>De Gesti\u00f3n<\/strong><\/p>\n\n\n\n<ul class=\"wp-block-list has-black-color has-text-color has-medium-font-size\">\n<li>Posee los conocimientos te\u00f3ricos y procedimentales asociados a la implementaci\u00f3n de recursos en la relaci\u00f3n inform\u00e1tica-agentes educativos-contexto escolar.<\/li>\n\n\n\n<li>Regula su rol de agente educativo en la realidad social y las din\u00e1micas organizacionales que circunscriben su propio ambiente escolar.<\/li>\n\n\n\n<li>Participa en el dise\u00f1o, implementaci\u00f3n y sostenibilidad de pr\u00e1cticas educativas innovadoras a nivel organizacional.<\/li>\n\n\n\n<li>Muestra disponibilidad para hacerse participe de los sistemas de gesti\u00f3n educativa buscando que est\u00e9n articulados con la gesti\u00f3n directiva, administrativa y social.<\/li>\n<\/ul>\n<\/div><\/div>\n<\/div><\/div>\n\n\n\n<div style=\"height:100px\" aria-hidden=\"true\" class=\"wp-block-spacer\"><\/div>\n\n\n\n<div class=\"wp-block-group\"><div class=\"wp-block-group__inner-container is-layout-constrained wp-block-group-is-layout-constrained\">\n<h2 class=\"wp-block-heading has-text-align-center has-text-color has-link-color has-large-font-size wp-elements-b8ad4405c21e5debc5e2560c5e24e380\" style=\"color:#8064a2\">Inversi\u00f3n<\/h2>\n\n\n\n<p class=\"has-black-color has-text-color has-medium-font-size\">Valor de inscripci\u00f3n: 0.25 SMMLV (\u00danica vez)<br>Valor por semestre: 5,2 SMMLV, distribuidos as\u00ed:<\/p>\n\n\n\n<ul class=\"wp-block-list has-black-color has-text-color\">\n<li class=\"has-medium-font-size\">Matr\u00edcula: 1 SMMLV por semestre<\/li>\n\n\n\n<li class=\"has-medium-font-size\">Derechos acad\u00e9micos: 4.2 SMMLV por semestre<\/li>\n<\/ul>\n<\/div><\/div>\n\n\n\n<div style=\"height:100px\" aria-hidden=\"true\" class=\"wp-block-spacer\"><\/div>\n\n\n\n<div class=\"wp-block-group\"><div class=\"wp-block-group__inner-container is-layout-constrained wp-block-group-is-layout-constrained\">\n<h2 class=\"wp-block-heading has-text-align-center has-text-color has-link-color has-large-font-size wp-elements-e6080d4da00034ecd5172ef532d3f0eb\" style=\"color:#8064a2\">Cupos<\/h2>\n\n\n\n<p class=\"has-black-color has-text-color has-medium-font-size\">El n\u00famero m\u00e1ximo de admitidos al programa ser\u00e1 de sesenta (60) estudiantes por cohorte, distribuidos en grupos de m\u00e1ximo 30 estudiantes.<\/p>\n\n\n\n<p class=\"has-black-color has-text-color has-medium-font-size\"><\/p>\n\n\n\n<div style=\"height:100px\" aria-hidden=\"true\" class=\"wp-block-spacer\"><\/div>\n<\/div><\/div>\n\n\n\n<h3 class=\"wp-block-heading has-text-align-center has-text-color has-link-color has-large-font-size wp-elements-b1e7896730aa0d94ae31e77d929e42f0\" style=\"color:#8064a2\">Ficha t\u00e9cnica<\/h3>\n\n\n\n<table id=\"tablepress-1\" class=\"tablepress tablepress-id-1\">\n<tbody class=\"row-striping row-hover\">\n<tr class=\"row-1\">\n\t<td class=\"column-1\"><strong><h4 style=\"color:black\">Nivel de formaci\u00f3n<\/h4><\/strong><\/td><td class=\"column-2\"><h4>Maestr\u00eda en profundizaci\u00f3n<\/h4><\/td>\n<\/tr>\n<tr class=\"row-2\">\n\t<td class=\"column-1\"><strong><h4 style=\"color:black\">Modalidad<\/h4><\/strong><br \/>\n<\/td><td class=\"column-2\"><h4>Virtual<\/h4><\/td>\n<\/tr>\n<tr class=\"row-3\">\n\t<td class=\"column-1\"><strong><h4 style=\"color:black\">Facultad<\/h4><\/strong><\/td><td class=\"column-2\"><h4>Facultad de Ingenier\u00edas F\u00edsico-Mec\u00e1nicas<\/h4><\/td>\n<\/tr>\n<tr class=\"row-4\">\n\t<td class=\"column-1\"><strong><h4 style=\"color:black\">Departamento<\/h4><\/strong><br \/>\n<\/td><td class=\"column-2\"><h4>Santander &#8211; Colombia<\/h4><\/td>\n<\/tr>\n<tr class=\"row-5\">\n\t<td class=\"column-1\"><strong><h4 style=\"color:black\">Ubicaci\u00f3n del programa<\/h4><\/strong><br \/>\n<\/td><td class=\"column-2\"><h4>Bucaramanga<\/h4><\/td>\n<\/tr>\n<tr class=\"row-6\">\n\t<td class=\"column-1\"><strong><h4 style=\"color:black\">C\u00f3digo SNIES<\/h4><\/strong><\/td><td class=\"column-2\"><h4>105930<\/h4><\/td>\n<\/tr>\n<tr class=\"row-7\">\n\t<td class=\"column-1\"><strong><h4 style=\"color:black\">\u00c1rea de conocimiento<\/h4><\/strong><br \/>\n<\/td><td class=\"column-2\"><h4>Ciencias de la educaci\u00f3n<\/h4><\/td>\n<\/tr>\n<tr class=\"row-8\">\n\t<td class=\"column-1\"><strong><h4 style=\"color:black\">Norma legal de creaci\u00f3n<\/h4><\/strong><\/td><td class=\"column-2\"><h4>Resoluci\u00f3n MEN 19802 de octubre 18 de 2016<\/h4><\/td>\n<\/tr>\n<tr class=\"row-9\">\n\t<td class=\"column-1\"><strong><h4 style=\"color:black\">Fecha de creaci\u00f3n<\/h4><\/strong><\/td><td class=\"column-2\"><h4>2016<\/h4><\/td>\n<\/tr>\n<tr class=\"row-10\">\n\t<td class=\"column-1\"><strong><h4 style=\"color:black\">Norma de creaci\u00f3n interna<\/h4><\/strong><\/td><td class=\"column-2\"><h4>Acuerdo de consejo acad\u00e9mico No. 158 de julio 21 de 2015<\/h4><\/td>\n<\/tr>\n<tr class=\"row-11\">\n\t<td class=\"column-1\"><strong><h4 style=\"color:black\">A\u00f1o de inicio<\/h4><\/strong><\/td><td class=\"column-2\"><h4>2017<\/h4><\/td>\n<\/tr>\n<tr class=\"row-12\">\n\t<td class=\"column-1\"><strong><h4 style=\"color:black\">Resoluci\u00f3n de registro calificado vigente<\/h4><\/strong><\/td><td class=\"column-2\"><h4>Resoluci\u00f3n MEN 012523 de julio 30 de 2024. Vigencia 7 a\u00f1os .<\/h4><\/td>\n<\/tr>\n<tr class=\"row-13\">\n\t<td class=\"column-1\"><strong><h4 style=\"color:black\">T\u00edtulo que otorga<\/h4><\/strong><\/td><td class=\"column-2\"><h4>Magister en Inform\u00e1tica para la Educaci\u00f3n<\/h4><\/td>\n<\/tr>\n<\/tbody>\n<\/table>\n<!-- #tablepress-1 from cache -->","protected":false},"excerpt":{"rendered":"<p>Perfil del aspirante La Maestr\u00eda en Inform\u00e1tica para la Educaci\u00f3n, dado sus objetos de estudio y campos de aplicaci\u00f3n, ser\u00e1 una oferta educativa para profesionales de las distintas \u00e1reas del conocimiento. En ello se espera que, preferiblemente, los aspirantes sean agentes educativos activos de los niveles educativos de pre-escolar, b\u00e1sica y media, con el objeto [&hellip;]<\/p>\n","protected":false},"author":1,"featured_media":516,"parent":0,"menu_order":0,"comment_status":"closed","ping_status":"closed","template":"page-templates\/no-sidebar.php","meta":{"footnotes":""},"class_list":["post-232","page","type-page","status-publish","has-post-thumbnail","hentry"],"_links":{"self":[{"href":"https:\/\/simon.uis.edu.co\/mie\/wp-json\/wp\/v2\/pages\/232","targetHints":{"allow":["GET"]}}],"collection":[{"href":"https:\/\/simon.uis.edu.co\/mie\/wp-json\/wp\/v2\/pages"}],"about":[{"href":"https:\/\/simon.uis.edu.co\/mie\/wp-json\/wp\/v2\/types\/page"}],"author":[{"embeddable":true,"href":"https:\/\/simon.uis.edu.co\/mie\/wp-json\/wp\/v2\/users\/1"}],"replies":[{"embeddable":true,"href":"https:\/\/simon.uis.edu.co\/mie\/wp-json\/wp\/v2\/comments?post=232"}],"version-history":[{"count":53,"href":"https:\/\/simon.uis.edu.co\/mie\/wp-json\/wp\/v2\/pages\/232\/revisions"}],"predecessor-version":[{"id":2318,"href":"https:\/\/simon.uis.edu.co\/mie\/wp-json\/wp\/v2\/pages\/232\/revisions\/2318"}],"wp:featuredmedia":[{"embeddable":true,"href":"https:\/\/simon.uis.edu.co\/mie\/wp-json\/wp\/v2\/media\/516"}],"wp:attachment":[{"href":"https:\/\/simon.uis.edu.co\/mie\/wp-json\/wp\/v2\/media?parent=232"}],"curies":[{"name":"wp","href":"https:\/\/api.w.org\/{rel}","templated":true}]}}