{"id":223,"date":"2023-04-10T07:35:34","date_gmt":"2023-04-10T12:35:34","guid":{"rendered":"http:\/\/10.1.54.164\/mie\/?page_id=223"},"modified":"2024-10-25T11:03:18","modified_gmt":"2024-10-25T16:03:18","slug":"docentes","status":"publish","type":"page","link":"https:\/\/simon.uis.edu.co\/mie\/docentes\/","title":{"rendered":"Docentes"},"content":{"rendered":"\n<div style=\"height:100px\" aria-hidden=\"true\" class=\"wp-block-spacer\"><\/div>\n\n\n\n<div class=\"wp-block-columns is-layout-flex wp-container-core-columns-is-layout-9d6595d7 wp-block-columns-is-layout-flex\">\n<div class=\"wp-block-column is-layout-flow wp-block-column-is-layout-flow\" style=\"flex-basis:33.33%\"><div class=\"wp-block-image is-style-rounded\">\n<figure class=\"alignleft size-large\"><img decoding=\"async\" src=\"https:\/\/simon.uis.edu.co\/mie\/wp-content\/uploads\/2023\/04\/Profesor-Hugo-300x300.jpg\" alt=\"Hugo Hernando Andrade Sosa\"\/><\/figure>\n<\/div><\/div>\n\n\n\n<div class=\"wp-block-column is-layout-flow wp-block-column-is-layout-flow\" style=\"flex-basis:66.66%\">\n<h3 class=\"wp-block-heading has-text-align-left has-text-color\" style=\"color:#8064a2\">Hugo Hernando Andrade Sosa<\/h3>\n\n\n\n<p class=\"has-black-color has-text-color has-medium-font-size\">Magister en Informatica, Universidad Industrial de Santander<br>Ingeniero de Sistemas,&nbsp;Universidad Industrial de Santander.<br>Profesor Titular Laureado, Universidad Industrial de Santander<\/p>\n<\/div>\n<\/div>\n\n\n\n<div style=\"height:100px\" aria-hidden=\"true\" class=\"wp-block-spacer\"><\/div>\n\n\n\n<div class=\"wp-block-columns is-layout-flex wp-container-core-columns-is-layout-9d6595d7 wp-block-columns-is-layout-flex\">\n<div class=\"wp-block-column is-layout-flow wp-block-column-is-layout-flow\" style=\"flex-basis:33.33%\"><div class=\"wp-block-image is-style-rounded\">\n<figure class=\"alignleft size-large\"><img decoding=\"async\" src=\"https:\/\/simon.uis.edu.co\/mie\/wp-content\/uploads\/2023\/03\/MIEicon.png\" alt=\"\"\/><\/figure>\n<\/div><\/div>\n\n\n\n<div class=\"wp-block-column is-layout-flow wp-block-column-is-layout-flow\" style=\"flex-basis:66.66%\">\n<h3 class=\"wp-block-heading has-text-align-left has-text-color\" style=\"color:#8064a2\">Sonia G\u00f3mez Benitez<\/h3>\n\n\n\n<p class=\"has-black-color has-text-color has-medium-font-size\">Mag\u00edster en Educaci\u00f3n, Pontificia Universidad Javeriana<br>Especialista en Metodolog\u00eda de la Ense\u00f1anza del espa\u00f1ol y la Literatura<br>Licenciada en Idioma, Universidad Industrial de Santander<\/p>\n<\/div>\n<\/div>\n\n\n\n<div style=\"height:100px\" aria-hidden=\"true\" class=\"wp-block-spacer\"><\/div>\n\n\n\n<div class=\"wp-block-columns is-layout-flex wp-container-core-columns-is-layout-9d6595d7 wp-block-columns-is-layout-flex\">\n<div class=\"wp-block-column is-layout-flow wp-block-column-is-layout-flow\" style=\"flex-basis:33.33%\"><div class=\"wp-block-image is-style-rounded\">\n<figure class=\"alignleft size-large\"><img decoding=\"async\" src=\"https:\/\/simon.uis.edu.co\/mie\/wp-content\/uploads\/2023\/03\/MIEicon.png\" alt=\"\"\/><\/figure>\n<\/div><\/div>\n\n\n\n<div class=\"wp-block-column is-layout-flow wp-block-column-is-layout-flow\" style=\"flex-basis:66.66%\">\n<h3 class=\"wp-block-heading has-text-align-left has-text-color\" style=\"color:#8064a2\">Jorge Winston Barbosa Chac\u00f3n<\/h3>\n\n\n\n<p class=\"has-black-color has-text-color has-medium-font-size\">Magister en Inform\u00e1tica, Universidad Industrial de Santander<br>Especialista en Docencia Universitaria, Universidad Industrial de Santander<br>Ingeniero Electromec\u00e1nico, Universidad Pedag\u00f3gica y Tecnol\u00f3gica De Colombia<\/p>\n<\/div>\n<\/div>\n\n\n\n<div style=\"height:100px\" aria-hidden=\"true\" class=\"wp-block-spacer\"><\/div>\n\n\n\n<div class=\"wp-block-columns is-layout-flex wp-container-core-columns-is-layout-9d6595d7 wp-block-columns-is-layout-flex\">\n<div class=\"wp-block-column is-layout-flow wp-block-column-is-layout-flow\" style=\"flex-basis:33.33%\"><div class=\"wp-block-image is-style-rounded\">\n<figure class=\"alignleft size-large\"><img decoding=\"async\" src=\"https:\/\/simon.uis.edu.co\/mie\/wp-content\/uploads\/2023\/03\/MIEicon.png\" alt=\"\"\/><\/figure>\n<\/div><\/div>\n\n\n\n<div class=\"wp-block-column is-layout-flow wp-block-column-is-layout-flow\" style=\"flex-basis:66.66%\">\n<h3 class=\"wp-block-heading has-text-align-left has-text-color\" style=\"color:#8064a2\">Luz Estella Giraldo L\u00f3pez<\/h3>\n\n\n\n<p class=\"has-black-color has-text-color has-medium-font-size\">Doctora en Educaci\u00f3n, \u00e9nfasis en lecto-escritura y nuevas tecnolog\u00edas.&nbsp; Universidad de Antioquia.<br>Magister en Psicopedagog\u00eda, Universidad de Antioquia.<br>Programadora de Computadores, CEDESISTEMAS.<br>Licenciada en Dificultades de Aprendizaje, CEIPA<\/p>\n<\/div>\n<\/div>\n\n\n\n<div style=\"height:100px\" aria-hidden=\"true\" class=\"wp-block-spacer\"><\/div>\n\n\n\n<div class=\"wp-block-columns is-layout-flex wp-container-core-columns-is-layout-9d6595d7 wp-block-columns-is-layout-flex\">\n<div class=\"wp-block-column is-layout-flow wp-block-column-is-layout-flow\" style=\"flex-basis:33.33%\"><div class=\"wp-block-image is-style-rounded\">\n<figure class=\"alignleft size-large\"><img decoding=\"async\" src=\"https:\/\/simon.uis.edu.co\/mie\/wp-content\/uploads\/2023\/03\/MIEicon.png\" alt=\"\"\/><\/figure>\n<\/div><\/div>\n\n\n\n<div class=\"wp-block-column is-layout-flow wp-block-column-is-layout-flow\" style=\"flex-basis:66.66%\">\n<h3 class=\"wp-block-heading has-text-align-left has-text-color\" style=\"color:#8064a2\">Juan Carlos Barbosa Herrera<\/h3>\n\n\n\n<p class=\"has-black-color has-text-color has-medium-font-size\">Doctor en Psicolog\u00eda, <\/p>\n<\/div>\n<\/div>\n\n\n\n<div style=\"height:100px\" aria-hidden=\"true\" class=\"wp-block-spacer\"><\/div>\n\n\n\n<div class=\"wp-block-columns is-layout-flex wp-container-core-columns-is-layout-9d6595d7 wp-block-columns-is-layout-flex\">\n<div class=\"wp-block-column is-layout-flow wp-block-column-is-layout-flow\" style=\"flex-basis:33.33%\"><div class=\"wp-block-image is-style-rounded\">\n<figure class=\"alignleft size-large\"><img decoding=\"async\" src=\"https:\/\/simon.uis.edu.co\/mie\/wp-content\/uploads\/2023\/03\/MIEicon.png\" alt=\"\"\/><\/figure>\n<\/div><\/div>\n\n\n\n<div class=\"wp-block-column is-layout-flow wp-block-column-is-layout-flow\" style=\"flex-basis:66.66%\">\n<h3 class=\"wp-block-heading has-text-align-left has-text-color\" style=\"color:#8064a2\">Jos\u00e9 Joaqu\u00edn Claros M\u00e9ndez<\/h3>\n\n\n\n<p class=\"has-black-color has-text-color has-medium-font-size\">Magister en Pedagog\u00eda<\/p>\n<\/div>\n<\/div>\n\n\n\n<div style=\"height:100px\" aria-hidden=\"true\" class=\"wp-block-spacer\"><\/div>\n\n\n\n<div class=\"wp-block-columns is-layout-flex wp-container-core-columns-is-layout-9d6595d7 wp-block-columns-is-layout-flex\">\n<div class=\"wp-block-column is-layout-flow wp-block-column-is-layout-flow\" style=\"flex-basis:33.33%\"><div class=\"wp-block-image is-style-rounded\">\n<figure class=\"alignleft size-large\"><img decoding=\"async\" src=\"https:\/\/simon.uis.edu.co\/mie\/wp-content\/uploads\/2023\/03\/MIEicon.png\" alt=\"\"\/><\/figure>\n<\/div><\/div>\n\n\n\n<div class=\"wp-block-column is-layout-flow wp-block-column-is-layout-flow\" style=\"flex-basis:66.66%\">\n<h3 class=\"wp-block-heading has-text-align-left has-text-color\" style=\"color:#8064a2\">Luis Alejandro Palacio Garc\u00eda<\/h3>\n\n\n\n<p class=\"has-black-color has-text-color has-medium-font-size\">Doctor en Empirical Economics<\/p>\n<\/div>\n<\/div>\n\n\n\n<div style=\"height:100px\" aria-hidden=\"true\" class=\"wp-block-spacer\"><\/div>\n\n\n\n<div class=\"wp-block-columns is-layout-flex wp-container-core-columns-is-layout-9d6595d7 wp-block-columns-is-layout-flex\">\n<div class=\"wp-block-column is-layout-flow wp-block-column-is-layout-flow\" style=\"flex-basis:33.33%\"><div class=\"wp-block-image is-style-rounded\">\n<figure class=\"alignleft size-large\"><img decoding=\"async\" src=\"https:\/\/simon.uis.edu.co\/mie\/wp-content\/uploads\/2023\/03\/MIEicon.png\" alt=\"\"\/><\/figure>\n<\/div><\/div>\n\n\n\n<div class=\"wp-block-column is-layout-flow wp-block-column-is-layout-flow\" style=\"flex-basis:66.66%\">\n<h3 class=\"wp-block-heading has-text-align-left has-text-color\" style=\"color:#8064a2\">Cesar Augusto Roa<\/h3>\n\n\n\n<p class=\"has-black-color has-text-color has-medium-font-size\">Magister en Filosof\u00eda<\/p>\n<\/div>\n<\/div>\n\n\n\n<div style=\"height:100px\" aria-hidden=\"true\" class=\"wp-block-spacer\"><\/div>\n\n\n\n<div class=\"wp-block-columns is-layout-flex wp-container-core-columns-is-layout-9d6595d7 wp-block-columns-is-layout-flex\">\n<div class=\"wp-block-column is-layout-flow wp-block-column-is-layout-flow\" style=\"flex-basis:33.33%\"><div class=\"wp-block-image is-style-rounded\">\n<figure class=\"alignleft size-large\"><img decoding=\"async\" src=\"https:\/\/simon.uis.edu.co\/mie\/wp-content\/uploads\/2023\/03\/MIEicon.png\" alt=\"\"\/><\/figure>\n<\/div><\/div>\n\n\n\n<div class=\"wp-block-column is-layout-flow wp-block-column-is-layout-flow\" style=\"flex-basis:66.66%\">\n<h3 class=\"wp-block-heading has-text-align-left has-text-color\" style=\"color:#8064a2\">Emiliano de Jes\u00fas Lince Mercado<\/h3>\n\n\n\n<p class=\"has-black-color has-text-color has-medium-font-size\">Magister en Ingenier\u00eda: \u00c1rea Inform\u00e1tica, Ingeniero de Sistemas<\/p>\n<\/div>\n<\/div>\n\n\n\n<div style=\"height:100px\" aria-hidden=\"true\" class=\"wp-block-spacer\"><\/div>\n\n\n\n<div class=\"wp-block-columns is-layout-flex wp-container-core-columns-is-layout-9d6595d7 wp-block-columns-is-layout-flex\">\n<div class=\"wp-block-column is-layout-flow wp-block-column-is-layout-flow\" style=\"flex-basis:33.33%\"><div class=\"wp-block-image is-style-rounded\">\n<figure class=\"alignleft size-large\"><img decoding=\"async\" src=\"https:\/\/simon.uis.edu.co\/mie\/wp-content\/uploads\/2023\/03\/MIEicon.png\" alt=\"\"\/><\/figure>\n<\/div><\/div>\n\n\n\n<div class=\"wp-block-column is-layout-flow wp-block-column-is-layout-flow\" style=\"flex-basis:66.66%\">\n<h3 class=\"wp-block-heading has-text-align-left has-text-color\" style=\"color:#8064a2\">Giovanni L\u00f3pez Molina<\/h3>\n\n\n\n<p class=\"has-black-color has-text-color has-medium-font-size\">Magister en Ingenier\u00eda: \u00c1rea Inform\u00e1tica, Ingeniero de Sistemas<\/p>\n<\/div>\n<\/div>\n\n\n\n<div style=\"height:100px\" aria-hidden=\"true\" class=\"wp-block-spacer\"><\/div>\n\n\n\n<div class=\"wp-block-columns is-layout-flex wp-container-core-columns-is-layout-9d6595d7 wp-block-columns-is-layout-flex\">\n<div class=\"wp-block-column is-layout-flow wp-block-column-is-layout-flow\" style=\"flex-basis:33.33%\"><div class=\"wp-block-image is-style-rounded\">\n<figure class=\"alignleft size-large\"><img decoding=\"async\" src=\"https:\/\/simon.uis.edu.co\/mie\/wp-content\/uploads\/2023\/03\/MIEicon.png\" alt=\"\"\/><\/figure>\n<\/div><\/div>\n\n\n\n<div class=\"wp-block-column is-layout-flow wp-block-column-is-layout-flow\" style=\"flex-basis:66.66%\">\n<h3 class=\"wp-block-heading has-text-align-left has-text-color\" style=\"color:#8064a2\">Marta Ilce P\u00e9rez Angulo<\/h3>\n\n\n\n<p class=\"has-black-color has-text-color has-medium-font-size\">Magister en Pedagog\u00eda<\/p>\n<\/div>\n<\/div>\n\n\n\n<div style=\"height:100px\" aria-hidden=\"true\" class=\"wp-block-spacer\"><\/div>\n\n\n\n<div class=\"wp-block-columns is-layout-flex wp-container-core-columns-is-layout-9d6595d7 wp-block-columns-is-layout-flex\">\n<div class=\"wp-block-column is-layout-flow wp-block-column-is-layout-flow\" style=\"flex-basis:33.33%\"><div class=\"wp-block-image is-style-rounded\">\n<figure class=\"alignleft size-large\"><img decoding=\"async\" src=\"https:\/\/simon.uis.edu.co\/mie\/wp-content\/uploads\/2023\/03\/MIEicon.png\" alt=\"\"\/><\/figure>\n<\/div><\/div>\n\n\n\n<div class=\"wp-block-column is-layout-flow wp-block-column-is-layout-flow\" style=\"flex-basis:66.66%\">\n<h3 class=\"wp-block-heading has-text-align-left has-text-color\" style=\"color:#8064a2\">Juddy Amparo Valderrama Moreno<\/h3>\n\n\n\n<p class=\"has-black-color has-text-color has-medium-font-size\">Doctora en Ciencias de la Educaci\u00f3n<\/p>\n<\/div>\n<\/div>\n\n\n\n<div style=\"height:100px\" aria-hidden=\"true\" class=\"wp-block-spacer\"><\/div>\n\n\n\n<div class=\"wp-block-columns is-layout-flex wp-container-core-columns-is-layout-9d6595d7 wp-block-columns-is-layout-flex\">\n<div class=\"wp-block-column is-layout-flow wp-block-column-is-layout-flow\" style=\"flex-basis:33.33%\"><div class=\"wp-block-image is-style-rounded\">\n<figure class=\"alignleft size-large\"><img decoding=\"async\" src=\"https:\/\/simon.uis.edu.co\/mie\/wp-content\/uploads\/2023\/03\/MIEicon.png\" alt=\"\"\/><\/figure>\n<\/div><\/div>\n\n\n\n<div class=\"wp-block-column is-layout-flow wp-block-column-is-layout-flow\" style=\"flex-basis:66.66%\">\n<h3 class=\"wp-block-heading has-text-align-left has-text-color\" style=\"color:#8064a2\">Mairene Tob\u00f3n Ospino<\/h3>\n\n\n\n<p class=\"has-black-color has-text-color has-medium-font-size\">Doctora en Ciencias, Menci\u00f3n Gerencia<\/p>\n<\/div>\n<\/div>\n\n\n\n<div style=\"height:100px\" aria-hidden=\"true\" class=\"wp-block-spacer\"><\/div>\n\n\n\n<div class=\"wp-block-columns is-layout-flex wp-container-core-columns-is-layout-9d6595d7 wp-block-columns-is-layout-flex\">\n<div class=\"wp-block-column is-layout-flow wp-block-column-is-layout-flow\" style=\"flex-basis:33.33%\"><div class=\"wp-block-image is-style-rounded\">\n<figure class=\"alignleft size-large\"><img decoding=\"async\" src=\"https:\/\/simon.uis.edu.co\/mie\/wp-content\/uploads\/2023\/03\/MIEicon.png\" alt=\"\"\/><\/figure>\n<\/div><\/div>\n\n\n\n<div class=\"wp-block-column is-layout-flow wp-block-column-is-layout-flow\" style=\"flex-basis:66.66%\">\n<h3 class=\"wp-block-heading has-text-align-left has-text-color\" style=\"color:#8064a2\">Juan Diego Villamizar Escobar<\/h3>\n\n\n\n<p class=\"has-black-color has-text-color has-medium-font-size\">Doctor en Comunicaci\u00f3n<\/p>\n<\/div>\n<\/div>\n","protected":false},"excerpt":{"rendered":"<p>Hugo Hernando Andrade Sosa Magister en Informatica, Universidad Industrial de SantanderIngeniero de Sistemas,&nbsp;Universidad Industrial de Santander.Profesor Titular Laureado, Universidad Industrial de Santander Sonia G\u00f3mez Benitez Mag\u00edster en Educaci\u00f3n, Pontificia Universidad JaverianaEspecialista en Metodolog\u00eda de la Ense\u00f1anza del espa\u00f1ol y la LiteraturaLicenciada en Idioma, Universidad Industrial de Santander Jorge Winston Barbosa Chac\u00f3n Magister en Inform\u00e1tica, Universidad [&hellip;]<\/p>\n","protected":false},"author":1,"featured_media":515,"parent":0,"menu_order":0,"comment_status":"closed","ping_status":"closed","template":"page-templates\/no-sidebar.php","meta":{"footnotes":""},"class_list":["post-223","page","type-page","status-publish","has-post-thumbnail","hentry"],"_links":{"self":[{"href":"https:\/\/simon.uis.edu.co\/mie\/wp-json\/wp\/v2\/pages\/223","targetHints":{"allow":["GET"]}}],"collection":[{"href":"https:\/\/simon.uis.edu.co\/mie\/wp-json\/wp\/v2\/pages"}],"about":[{"href":"https:\/\/simon.uis.edu.co\/mie\/wp-json\/wp\/v2\/types\/page"}],"author":[{"embeddable":true,"href":"https:\/\/simon.uis.edu.co\/mie\/wp-json\/wp\/v2\/users\/1"}],"replies":[{"embeddable":true,"href":"https:\/\/simon.uis.edu.co\/mie\/wp-json\/wp\/v2\/comments?post=223"}],"version-history":[{"count":31,"href":"https:\/\/simon.uis.edu.co\/mie\/wp-json\/wp\/v2\/pages\/223\/revisions"}],"predecessor-version":[{"id":2340,"href":"https:\/\/simon.uis.edu.co\/mie\/wp-json\/wp\/v2\/pages\/223\/revisions\/2340"}],"wp:featuredmedia":[{"embeddable":true,"href":"https:\/\/simon.uis.edu.co\/mie\/wp-json\/wp\/v2\/media\/515"}],"wp:attachment":[{"href":"https:\/\/simon.uis.edu.co\/mie\/wp-json\/wp\/v2\/media?parent=223"}],"curies":[{"name":"wp","href":"https:\/\/api.w.org\/{rel}","templated":true}]}}