{"id":117,"date":"2023-04-08T08:08:53","date_gmt":"2023-04-08T13:08:53","guid":{"rendered":"http:\/\/10.1.54.164\/mie\/?page_id=117"},"modified":"2025-12-16T10:59:42","modified_gmt":"2025-12-16T15:59:42","slug":"informacion","status":"publish","type":"page","link":"https:\/\/simon.uis.edu.co\/mie\/informacion\/","title":{"rendered":"Informaci\u00f3n"},"content":{"rendered":"\n<h1 class=\"wp-block-heading has-text-align-center has-text-color has-link-color wp-elements-b4850d78ef67958ae2cffa73d9328c66\" style=\"color:#8064a2\">Programa<\/h1>\n\n\n\n<div class=\"wp-block-group\"><div class=\"wp-block-group__inner-container is-layout-constrained wp-block-group-is-layout-constrained\">\n<h2 class=\"wp-block-heading has-text-align-center has-text-color has-link-color has-large-font-size wp-elements-498f8278bdea4854ff45675ece5eaa82\" style=\"color:#8064a2\">Perfil del aspirante<\/h2>\n\n\n\n<p class=\"has-black-color has-text-color has-medium-font-size\">La Maestr\u00eda en Inform\u00e1tica para la Educaci\u00f3n, dado sus objetos de estudio y campos de aplicaci\u00f3n, ser\u00e1 una oferta educativa para profesionales de las distintas \u00e1reas del conocimiento. En ello se espera que, preferiblemente, los aspirantes sean agentes educativos activos de los niveles educativos de pre-escolar, b\u00e1sica y media, con el objeto de facilitar la aplicaci\u00f3n y transferencia de la formaci\u00f3n del programa de posgrado.<\/p>\n\n\n\n<p class=\"has-black-color has-text-color has-medium-font-size\">Se aclara que la oferta no excluye a agentes educativos de la educaci\u00f3n superior, siempre y cuando demuestren experiencia, relaciones o intereses por intervenir los niveles educativos precedentes.<\/p>\n<\/div><\/div>\n\n\n\n<div style=\"height:100px\" aria-hidden=\"true\" class=\"wp-block-spacer\"><\/div>\n\n\n\n<div class=\"wp-block-group\"><div class=\"wp-block-group__inner-container is-layout-constrained wp-block-group-is-layout-constrained\">\n<h2 class=\"wp-block-heading has-text-align-center has-text-color has-link-color has-large-font-size wp-elements-c6c7928a31ccbace2ce3fcb8afe3fb02\" style=\"color:#8064a2\">Perfil del egresado<\/h2>\n\n\n\n<p class=\"has-black-color has-text-color has-medium-font-size\">El mag\u00edster del programa de Maestr\u00eda en Inform\u00e1tica para la Educaci\u00f3n es una persona que asume, en el contexto de las TICC y con las TICC, los problemas organizacionales, con intervenciones educativas en las que se manifiestan sus competencias pedag\u00f3gicas, tecnol\u00f3gicas e investigativas, como base para el desarrollo de procesos de investigaci\u00f3n-acci\u00f3n; en di\u00e1logo con los diferentes agentes educativos, reconociendo la diversidad y apoyando la construcci\u00f3n de la unidad organizacional.&nbsp;<\/p>\n\n\n\n<h2 class=\"wp-block-heading has-text-align-center has-text-color has-link-color has-large-font-size wp-elements-a5a6948cb61a7947b2fffd31c13a9bc1\" style=\"color:#8064a2\">Competencias<\/h2>\n\n\n\n<p class=\"has-text-align-left has-black-color has-text-color has-medium-font-size\">En concordancia con las perspectivas del Ministerio de Educaci\u00f3n Nacional en cuanto al desarrollo de competencias para la innovaci\u00f3n educativa se espera que las competencias se desarrollen y evidencien en diferentes niveles de complejidad o momentos: exploraci\u00f3n, integraci\u00f3n e innovaci\u00f3n. Al pasar de un nivel al otro se muestra un grado de dominio y profundidad cada vez mayor, acompa\u00f1ado de una elaboraci\u00f3n conceptual, te\u00f3rica y procedimental.<\/p>\n\n\n\n<p class=\"has-black-color has-text-color has-medium-font-size\">De manera general, las siguientes son las competencias pretendidas:<\/p>\n\n\n\n<div class=\"wp-block-group\"><div class=\"wp-block-group__inner-container is-layout-constrained wp-block-group-is-layout-constrained\">\n<p class=\"has-text-color has-medium-font-size\" style=\"color:#8064a2\"><strong>Pedag\u00f3gicas<\/strong><\/p>\n\n\n\n<ul class=\"wp-block-list has-black-color has-text-color has-medium-font-size\">\n<li class=\"has-medium-font-size\">Interviene las pr\u00e1cticas educativas, motivado por decisiones aut\u00f3nomas que se basan en el deseo de repensarlas y resignificarlas.<\/li>\n\n\n\n<li class=\"has-medium-font-size\">Construye acciones intencionadas y reflexivas a partir del deseo personal por transformar constantemente su quehacer docente.<\/li>\n\n\n\n<li class=\"has-medium-font-size\">Valora, incorpora y respalda los principios, normas, razones y expectativas del contexto cultural que identifica el aprendizaje de la inform\u00e1tica y con inform\u00e1tica.<\/li>\n<\/ul>\n<\/div><\/div>\n\n\n\n<div class=\"wp-block-group has-black-color has-text-color has-medium-font-size\"><div class=\"wp-block-group__inner-container is-layout-constrained wp-block-group-is-layout-constrained\">\n<p class=\"has-text-color has-medium-font-size\" style=\"color:#8064a2\"><strong>Comunicativas<\/strong><\/p>\n\n\n\n<ul class=\"wp-block-list has-black-color has-text-color has-medium-font-size\">\n<li>Reconoce y caracteriza al otro como interlocutor v\u00e1lido en procesos conjuntos de construcci\u00f3n de experiencias educativas.<\/li>\n\n\n\n<li>Lidera procesos de trabajo colectivo que conlleven a intervenir necesidades y problem\u00e1ticas educativas.<\/li>\n\n\n\n<li>Participa en comunidades de pr\u00e1ctica en donde el objeto de reflexi\u00f3n e intervenci\u00f3n sea el aprendizaje de inform\u00e1tica y con inform\u00e1tica.<\/li>\n<\/ul>\n<\/div><\/div>\n\n\n\n<div class=\"wp-block-group has-black-color has-text-color has-medium-font-size\"><div class=\"wp-block-group__inner-container is-layout-constrained wp-block-group-is-layout-constrained\">\n<p class=\"has-text-color has-medium-font-size\" style=\"color:#8064a2\"><strong>Tecnol\u00f3gicas<\/strong><\/p>\n\n\n\n<ul class=\"wp-block-list has-black-color has-text-color has-medium-font-size\">\n<li>Explora los recursos tecnol\u00f3gicos dise\u00f1ados para apoyar procesos de ense\u00f1anza, aprendizaje y evaluaci\u00f3n.<\/li>\n\n\n\n<li>Eval\u00faa los recursos tecnol\u00f3gicos en funci\u00f3n de su pertinencia, calidad y coherencia educativa.<\/li>\n\n\n\n<li>Selecciona los recursos tecnol\u00f3gicos convenientes para apoyar los procesos de formaci\u00f3n.<\/li>\n\n\n\n<li>Asume los recursos tecnol\u00f3gicos, contextualiz\u00e1ndolos desde los propios prop\u00f3sitos educativos.<\/li>\n\n\n\n<li>Domina los sistemas operativos y estructuras b\u00e1sicas del software educativo.<\/li>\n\n\n\n<li>Opera los recursos tecnol\u00f3gicos que incorpora en la pr\u00e1ctica educativa tanto software como hardware.<\/li>\n\n\n\n<li>Tiene conocimientos en materia de mantenimiento y seguridad de la informaci\u00f3n.<\/li>\n<\/ul>\n<\/div><\/div>\n\n\n\n<div class=\"wp-block-group has-black-color has-text-color has-medium-font-size\"><div class=\"wp-block-group__inner-container is-layout-constrained wp-block-group-is-layout-constrained\">\n<p class=\"has-text-color has-medium-font-size\" style=\"color:#8064a2\"><strong>Investigativas<\/strong><\/p>\n\n\n\n<ul class=\"wp-block-list has-black-color has-text-color has-medium-font-size\">\n<li>Identifica, estudia y eval\u00faa problem\u00e1ticas educativas, a la luz de referentes te\u00f3ricos y procedimentales.<\/li>\n\n\n\n<li>Demuestra dominio en cuanto al acceso, evaluaci\u00f3n y uso de fuentes de informaci\u00f3n de rigor.<\/li>\n\n\n\n<li>Plantea y experimenta soluciones a problemas educativos, mediante la formulaci\u00f3n de propuestas de investigaci\u00f3n-acci\u00f3n relacionadas con la incorporaci\u00f3n significativa de recursos tecnol\u00f3gicos.<\/li>\n\n\n\n<li>Transforma los saberes y genera nuevos conocimientos que aporten al desarrollo de los agentes educativos de su contexto escolar.<\/li>\n<\/ul>\n<\/div><\/div>\n\n\n\n<div class=\"wp-block-group has-black-color has-text-color has-medium-font-size\"><div class=\"wp-block-group__inner-container is-layout-constrained wp-block-group-is-layout-constrained\">\n<p class=\"has-text-color has-medium-font-size\" style=\"color:#8064a2\"><strong>De Gesti\u00f3n<\/strong><\/p>\n\n\n\n<ul class=\"wp-block-list has-black-color has-text-color has-medium-font-size\">\n<li>Posee los conocimientos te\u00f3ricos y procedimentales asociados a la implementaci\u00f3n de recursos en la relaci\u00f3n inform\u00e1tica-agentes educativos-contexto escolar.<\/li>\n\n\n\n<li>Regula su rol de agente educativo en la realidad social y las din\u00e1micas organizacionales que circunscriben su propio ambiente escolar.<\/li>\n\n\n\n<li>Participa en el dise\u00f1o, implementaci\u00f3n y sostenibilidad de pr\u00e1cticas educativas innovadoras a nivel organizacional.<\/li>\n\n\n\n<li>Muestra disponibilidad para hacerse participe de los sistemas de gesti\u00f3n educativa buscando que est\u00e9n articulados con la gesti\u00f3n directiva, administrativa y social.<\/li>\n<\/ul>\n<\/div><\/div>\n<\/div><\/div>\n\n\n\n<div style=\"height:100px\" aria-hidden=\"true\" class=\"wp-block-spacer\"><\/div>\n\n\n\n<div class=\"wp-block-group\"><div class=\"wp-block-group__inner-container is-layout-constrained wp-block-group-is-layout-constrained\">\n<h2 class=\"wp-block-heading has-text-align-center has-text-color has-link-color has-large-font-size wp-elements-b8ad4405c21e5debc5e2560c5e24e380\" style=\"color:#8064a2\">Inversi\u00f3n<\/h2>\n\n\n\n<p class=\"has-black-color has-text-color has-medium-font-size\">Valor de inscripci\u00f3n: $398.392* (\u00danica vez)<br>Valor por semestre: $7.469.850*, distribuidos as\u00ed:<\/p>\n\n\n\n<ul class=\"wp-block-list has-black-color has-text-color\">\n<li class=\"has-medium-font-size\">Matr\u00edcula: $1.493.970* por semestre<\/li>\n\n\n\n<li class=\"has-medium-font-size\">Derechos acad\u00e9micos: $5.975.880* por semestre<\/li>\n<\/ul>\n\n\n\n<p>* Valor calculado seg\u00fan UVT 2025<\/p>\n<\/div><\/div>\n\n\n\n<div style=\"height:100px\" aria-hidden=\"true\" class=\"wp-block-spacer\"><\/div>\n\n\n\n<div class=\"wp-block-group\"><div class=\"wp-block-group__inner-container is-layout-constrained wp-block-group-is-layout-constrained\">\n<h2 class=\"wp-block-heading has-text-align-center has-text-color has-link-color has-large-font-size wp-elements-e6080d4da00034ecd5172ef532d3f0eb\" style=\"color:#8064a2\">Cupos<\/h2>\n\n\n\n<p class=\"has-black-color has-text-color has-medium-font-size\">El n\u00famero m\u00e1ximo de admitidos al programa ser\u00e1 de sesenta (60) estudiantes por cohorte, distribuidos en grupos de m\u00e1ximo 30 estudiantes.<\/p>\n<\/div><\/div>\n\n\n\n<div style=\"height:100px\" aria-hidden=\"true\" class=\"wp-block-spacer\"><\/div>\n\n\n\n<h3 class=\"wp-block-heading has-text-align-center has-text-color has-link-color has-large-font-size wp-elements-b1e7896730aa0d94ae31e77d929e42f0\" style=\"color:#8064a2\">Ficha t\u00e9cnica<\/h3>\n\n\n\n<table id=\"tablepress-1\" class=\"tablepress tablepress-id-1\">\n<tbody class=\"row-striping row-hover\">\n<tr class=\"row-1\">\n\t<td class=\"column-1\"><strong><h4 style=\"color:black\">Nivel de formaci\u00f3n<\/h4><\/strong><\/td><td class=\"column-2\"><h4>Maestr\u00eda en profundizaci\u00f3n<\/h4><\/td>\n<\/tr>\n<tr class=\"row-2\">\n\t<td class=\"column-1\"><strong><h4 style=\"color:black\">Modalidad<\/h4><\/strong><br \/>\n<\/td><td class=\"column-2\"><h4>Virtual<\/h4><\/td>\n<\/tr>\n<tr class=\"row-3\">\n\t<td class=\"column-1\"><strong><h4 style=\"color:black\">Facultad<\/h4><\/strong><\/td><td class=\"column-2\"><h4>Facultad de Ingenier\u00edas F\u00edsico-Mec\u00e1nicas<\/h4><\/td>\n<\/tr>\n<tr class=\"row-4\">\n\t<td class=\"column-1\"><strong><h4 style=\"color:black\">Departamento<\/h4><\/strong><br \/>\n<\/td><td class=\"column-2\"><h4>Santander &#8211; Colombia<\/h4><\/td>\n<\/tr>\n<tr class=\"row-5\">\n\t<td class=\"column-1\"><strong><h4 style=\"color:black\">Ubicaci\u00f3n del programa<\/h4><\/strong><br \/>\n<\/td><td class=\"column-2\"><h4>Bucaramanga<\/h4><\/td>\n<\/tr>\n<tr class=\"row-6\">\n\t<td class=\"column-1\"><strong><h4 style=\"color:black\">C\u00f3digo SNIES<\/h4><\/strong><\/td><td class=\"column-2\"><h4>105930<\/h4><\/td>\n<\/tr>\n<tr class=\"row-7\">\n\t<td class=\"column-1\"><strong><h4 style=\"color:black\">\u00c1rea de conocimiento<\/h4><\/strong><br \/>\n<\/td><td class=\"column-2\"><h4>Ciencias de la educaci\u00f3n<\/h4><\/td>\n<\/tr>\n<tr class=\"row-8\">\n\t<td class=\"column-1\"><strong><h4 style=\"color:black\">Norma legal de creaci\u00f3n<\/h4><\/strong><\/td><td class=\"column-2\"><h4>Resoluci\u00f3n MEN 19802 de octubre 18 de 2016<\/h4><\/td>\n<\/tr>\n<tr class=\"row-9\">\n\t<td class=\"column-1\"><strong><h4 style=\"color:black\">Fecha de creaci\u00f3n<\/h4><\/strong><\/td><td class=\"column-2\"><h4>2016<\/h4><\/td>\n<\/tr>\n<tr class=\"row-10\">\n\t<td class=\"column-1\"><strong><h4 style=\"color:black\">Norma de creaci\u00f3n interna<\/h4><\/strong><\/td><td class=\"column-2\"><h4>Acuerdo de consejo acad\u00e9mico No. 158 de julio 21 de 2015<\/h4><\/td>\n<\/tr>\n<tr class=\"row-11\">\n\t<td class=\"column-1\"><strong><h4 style=\"color:black\">A\u00f1o de inicio<\/h4><\/strong><\/td><td class=\"column-2\"><h4>2017<\/h4><\/td>\n<\/tr>\n<tr class=\"row-12\">\n\t<td class=\"column-1\"><strong><h4 style=\"color:black\">Resoluci\u00f3n de registro calificado vigente<\/h4><\/strong><\/td><td class=\"column-2\"><h4>Resoluci\u00f3n MEN 012523 de julio 30 de 2024. Vigencia 7 a\u00f1os .<\/h4><\/td>\n<\/tr>\n<tr class=\"row-13\">\n\t<td class=\"column-1\"><strong><h4 style=\"color:black\">T\u00edtulo que otorga<\/h4><\/strong><\/td><td class=\"column-2\"><h4>Magister en Inform\u00e1tica para la Educaci\u00f3n<\/h4><\/td>\n<\/tr>\n<\/tbody>\n<\/table>\n<!-- #tablepress-1 from cache -->\n\n\n<h1 class=\"wp-block-heading has-text-align-center has-text-color has-link-color has-large-font-size wp-elements-860b0b7063350f98ce98fa66850f53b4\" style=\"color:#8064a2\">Investigaci\u00f3n<\/h1>\n\n\n\n<div style=\"height:100px\" aria-hidden=\"true\" class=\"wp-block-spacer\"><\/div>\n\n\n\n<h3 class=\"wp-block-heading\">L\u00edneas de investigaci\u00f3n del programa<\/h3>\n\n\n\n<p class=\"has-black-color has-text-color has-medium-font-size\">A continuaci\u00f3n, encontrar\u00e1 informaci\u00f3n de las L\u00edneas de Investigaci\u00f3n del programa en las cuales se puede realizar el trabajo de grado:<\/p>\n\n\n\n<ul class=\"wp-block-list has-black-color has-text-color has-medium-font-size\">\n<li>Ambientes inform\u00e1ticos de aprendizaje<\/li>\n\n\n\n<li>Redes de aprendizaje y comunidad en pr\u00e1ctica<\/li>\n\n\n\n<li>Uso de recursos inform\u00e1ticos en el aula<\/li>\n\n\n\n<li>Ambientes educativos y mediaci\u00f3n tecnol\u00f3gica<\/li>\n\n\n\n<li>Competencia informacional<\/li>\n<\/ul>\n\n\n\n<h3 class=\"wp-block-heading\">Grupos de Investigaci\u00f3n que apoyan el programa<\/h3>\n\n\n\n<p class=\"has-black-color has-text-color has-medium-font-size\">Como agentes de fortalecimiento de los procesos educativos que se desarrollan en la UIS y que dar\u00e1n apoyo a la Maestr\u00eda en Inform\u00e1tica para la Educaci\u00f3n, se cuenta con los grupos de investigaci\u00f3n mostrados en la a continuaci\u00f3n y que pertenecen a diferente unidades acad\u00e9micas \u2013 administrativas de la universidad:<\/p>\n\n\n\n<div class=\"wp-block-columns is-layout-flex wp-container-core-columns-is-layout-9d6595d7 wp-block-columns-is-layout-flex\">\n<div class=\"wp-block-column is-layout-flow wp-block-column-is-layout-flow\" style=\"flex-basis:33.33%\"><\/div>\n\n\n\n<div class=\"wp-block-column is-layout-flow wp-block-column-is-layout-flow\" style=\"flex-basis:66.66%\"><\/div>\n<\/div>\n\n\n\n<h1 class=\"wp-block-heading has-text-align-center has-text-color has-link-color has-large-font-size wp-elements-2a0902933e8d5bb7b37971e2d6ba75b9\" style=\"color:#8064a2\">Plan de estudios<\/h1>\n\n\n\n<p class=\"has-black-color has-text-color has-medium-font-size\">El plan de estudios del programa de Maestr\u00eda en Inform\u00e1tica para la Educaci\u00f3n est\u00e1 compuesto por asignaturas pertenecientes a cada uno de los saberes de la estructura curricular del programa. A su vez, las asignaturas est\u00e1n compuestas por uno o dos m\u00f3dulos que ser\u00e1n guiados por un tutor para cada m\u00f3dulo. Los m\u00f3dulos de las asignaturas ser\u00e1n cursados durante el periodo acad\u00e9mico, no necesariamente uno seguido de otro. (Puede cursarse un m\u00f3dulo de otra asignatura en el medio)<\/p>\n\n\n\n<figure class=\"wp-block-image size-full is-resized\"><img loading=\"lazy\" decoding=\"async\" width=\"1600\" height=\"1600\" src=\"https:\/\/simon.uis.edu.co\/mie\/wp-content\/uploads\/2024\/10\/image-3.png\" alt=\"\" class=\"wp-image-2300\" style=\"width:1046px;height:730px\" srcset=\"https:\/\/simon.uis.edu.co\/mie\/wp-content\/uploads\/2024\/10\/image-3.png 1600w, https:\/\/simon.uis.edu.co\/mie\/wp-content\/uploads\/2024\/10\/image-3-300x300.png 300w, https:\/\/simon.uis.edu.co\/mie\/wp-content\/uploads\/2024\/10\/image-3-1024x1024.png 1024w, https:\/\/simon.uis.edu.co\/mie\/wp-content\/uploads\/2024\/10\/image-3-150x150.png 150w, https:\/\/simon.uis.edu.co\/mie\/wp-content\/uploads\/2024\/10\/image-3-768x768.png 768w, https:\/\/simon.uis.edu.co\/mie\/wp-content\/uploads\/2024\/10\/image-3-1536x1536.png 1536w, https:\/\/simon.uis.edu.co\/mie\/wp-content\/uploads\/2024\/10\/image-3-70x70.png 70w, https:\/\/simon.uis.edu.co\/mie\/wp-content\/uploads\/2024\/10\/image-3-127x127.png 127w, https:\/\/simon.uis.edu.co\/mie\/wp-content\/uploads\/2024\/10\/image-3-476x476.png 476w, https:\/\/simon.uis.edu.co\/mie\/wp-content\/uploads\/2024\/10\/image-3-125x125.png 125w\" sizes=\"auto, (max-width: 1600px) 100vw, 1600px\" \/><\/figure>\n\n\n\n<h1 class=\"wp-block-heading has-text-align-center\">Docentes<\/h1>\n\n\n\n<div style=\"height:100px\" aria-hidden=\"true\" class=\"wp-block-spacer\"><\/div>\n\n\n\n<div class=\"wp-block-columns is-layout-flex wp-container-core-columns-is-layout-9d6595d7 wp-block-columns-is-layout-flex\">\n<div class=\"wp-block-column is-layout-flow wp-block-column-is-layout-flow\" style=\"flex-basis:33.33%\"><div class=\"wp-block-image is-style-rounded\">\n<figure class=\"alignleft size-large is-resized\"><img decoding=\"async\" src=\"http:\/\/10.1.53.69\/mie\/wp-content\/uploads\/2023\/04\/Profesor-Hugo-300x300.jpg\" alt=\"Hugo Hernando Andrade Sosa\" style=\"width:225px;height:225px\"\/><\/figure>\n<\/div><\/div>\n\n\n\n<div class=\"wp-block-column is-layout-flow wp-block-column-is-layout-flow\" style=\"flex-basis:66.66%\">\n<h3 class=\"wp-block-heading has-text-align-left has-black-color has-text-color\">Hugo Hernando Andrade Sosa<\/h3>\n\n\n\n<p class=\"has-black-color has-text-color has-medium-font-size\">Magister en Informatica, Universidad Industrial de Santander<br>Ingeniero de Sistemas,&nbsp;Universidad Industrial de Santander.<br>Profesor Titular Laureado, Universidad Industrial de Santander<\/p>\n<\/div>\n<\/div>\n\n\n\n<div style=\"height:100px\" aria-hidden=\"true\" class=\"wp-block-spacer\"><\/div>\n\n\n\n<div class=\"wp-block-columns is-layout-flex wp-container-core-columns-is-layout-9d6595d7 wp-block-columns-is-layout-flex\">\n<div class=\"wp-block-column is-layout-flow wp-block-column-is-layout-flow\" style=\"flex-basis:33.33%\"><div class=\"wp-block-image is-style-rounded\">\n<figure class=\"alignleft size-large is-resized\"><img decoding=\"async\" src=\"http:\/\/10.1.53.69\/mie\/wp-content\/uploads\/2023\/03\/MIEicon.png\" alt=\"\" style=\"width:256px;height:258px\"\/><\/figure>\n<\/div><\/div>\n\n\n\n<div class=\"wp-block-column is-layout-flow wp-block-column-is-layout-flow\" style=\"flex-basis:66.66%\">\n<h3 class=\"wp-block-heading has-text-align-left has-black-color has-text-color\">Sonia G\u00f3mez Benitez<\/h3>\n\n\n\n<p class=\"has-black-color has-text-color has-medium-font-size\">Mag\u00edster en Educaci\u00f3n, Pontificia Universidad Javeriana<br>Especialista en Metodolog\u00eda de la Ense\u00f1anza del espa\u00f1ol y la Literatura<br>Licenciada en Idioma, Universidad Industrial de Santander<\/p>\n<\/div>\n<\/div>\n\n\n\n<div style=\"height:100px\" aria-hidden=\"true\" class=\"wp-block-spacer\"><\/div>\n\n\n\n<div class=\"wp-block-columns is-layout-flex wp-container-core-columns-is-layout-9d6595d7 wp-block-columns-is-layout-flex\">\n<div class=\"wp-block-column is-layout-flow wp-block-column-is-layout-flow\" style=\"flex-basis:33.33%\"><div class=\"wp-block-image is-style-rounded\">\n<figure class=\"alignleft size-large is-resized\"><img decoding=\"async\" src=\"http:\/\/10.1.53.69\/mie\/wp-content\/uploads\/2023\/03\/MIEicon.png\" alt=\"\" style=\"width:256px;height:258px\"\/><\/figure>\n<\/div><\/div>\n\n\n\n<div class=\"wp-block-column is-layout-flow wp-block-column-is-layout-flow\" style=\"flex-basis:66.66%\">\n<h3 class=\"wp-block-heading has-text-align-left has-black-color has-text-color\">Jorge Winston Barbosa Chac\u00f3n<\/h3>\n\n\n\n<p class=\"has-black-color has-text-color has-medium-font-size\">Magister en Inform\u00e1tica, Universidad Industrial de Santander<br>Especialista en Docencia Universitaria, Universidad Industrial de Santander<br>Ingeniero Electromec\u00e1nico, Universidad Pedag\u00f3gica y Tecnol\u00f3gica De Colombia<\/p>\n<\/div>\n<\/div>\n\n\n\n<div style=\"height:100px\" aria-hidden=\"true\" class=\"wp-block-spacer\"><\/div>\n\n\n\n<div class=\"wp-block-columns is-layout-flex wp-container-core-columns-is-layout-9d6595d7 wp-block-columns-is-layout-flex\">\n<div class=\"wp-block-column is-layout-flow wp-block-column-is-layout-flow\" style=\"flex-basis:33.33%\"><div class=\"wp-block-image is-style-rounded\">\n<figure class=\"alignleft size-large is-resized\"><img decoding=\"async\" src=\"http:\/\/10.1.53.69\/mie\/wp-content\/uploads\/2023\/03\/MIEicon.png\" alt=\"\" style=\"width:256px;height:258px\"\/><\/figure>\n<\/div><\/div>\n\n\n\n<div class=\"wp-block-column is-layout-flow wp-block-column-is-layout-flow\" style=\"flex-basis:66.66%\">\n<h3 class=\"wp-block-heading has-text-align-left has-black-color has-text-color\">Luz Estella Giraldo L\u00f3pez<\/h3>\n\n\n\n<p class=\"has-black-color has-text-color has-medium-font-size\">Doctora en Educaci\u00f3n, \u00e9nfasis en lecto-escritura y nuevas tecnolog\u00edas.&nbsp; Universidad de Antioquia.<br>Magister en Psicopedagog\u00eda, Universidad de Antioquia.<br>Programadora de Computadores, CEDESISTEMAS.<br>Licenciada en Dificultades de Aprendizaje, CEIPA<\/p>\n<\/div>\n<\/div>\n\n\n\n<div style=\"height:100px\" aria-hidden=\"true\" class=\"wp-block-spacer\"><\/div>\n\n\n\n<div class=\"wp-block-columns is-layout-flex wp-container-core-columns-is-layout-9d6595d7 wp-block-columns-is-layout-flex\">\n<div class=\"wp-block-column is-layout-flow wp-block-column-is-layout-flow\" style=\"flex-basis:33.33%\"><div class=\"wp-block-image is-style-rounded\">\n<figure class=\"alignleft size-large is-resized\"><img decoding=\"async\" src=\"http:\/\/10.1.53.69\/mie\/wp-content\/uploads\/2023\/03\/MIEicon.png\" alt=\"\" style=\"width:256px;height:258px\"\/><\/figure>\n<\/div><\/div>\n\n\n\n<div class=\"wp-block-column is-layout-flow wp-block-column-is-layout-flow\" style=\"flex-basis:66.66%\">\n<h3 class=\"wp-block-heading has-text-align-left has-black-color has-text-color\">Juan Carlos Barbosa Herrera<\/h3>\n\n\n\n<p class=\"has-black-color has-text-color has-medium-font-size\">Doctor en Psicolog\u00eda, <\/p>\n<\/div>\n<\/div>\n\n\n\n<div style=\"height:100px\" aria-hidden=\"true\" class=\"wp-block-spacer\"><\/div>\n\n\n\n<div class=\"wp-block-columns is-layout-flex wp-container-core-columns-is-layout-9d6595d7 wp-block-columns-is-layout-flex\">\n<div class=\"wp-block-column is-layout-flow wp-block-column-is-layout-flow\" style=\"flex-basis:33.33%\"><div class=\"wp-block-image is-style-rounded\">\n<figure class=\"alignleft size-large is-resized\"><img decoding=\"async\" src=\"http:\/\/10.1.53.69\/mie\/wp-content\/uploads\/2023\/03\/MIEicon.png\" alt=\"\" style=\"width:256px;height:258px\"\/><\/figure>\n<\/div><\/div>\n\n\n\n<div class=\"wp-block-column is-layout-flow wp-block-column-is-layout-flow\" style=\"flex-basis:66.66%\">\n<h3 class=\"wp-block-heading has-text-align-left has-black-color has-text-color\">Jos\u00e9 Joaqu\u00edn Claros M\u00e9ndez<\/h3>\n\n\n\n<p class=\"has-black-color has-text-color has-medium-font-size\">Magister en Pedagog\u00eda<\/p>\n<\/div>\n<\/div>\n\n\n\n<div style=\"height:100px\" aria-hidden=\"true\" class=\"wp-block-spacer\"><\/div>\n\n\n\n<div class=\"wp-block-columns is-layout-flex wp-container-core-columns-is-layout-9d6595d7 wp-block-columns-is-layout-flex\">\n<div class=\"wp-block-column is-layout-flow wp-block-column-is-layout-flow\" style=\"flex-basis:33.33%\"><div class=\"wp-block-image is-style-rounded\">\n<figure class=\"alignleft size-large is-resized\"><img decoding=\"async\" src=\"http:\/\/10.1.53.69\/mie\/wp-content\/uploads\/2023\/03\/MIEicon.png\" alt=\"\" style=\"width:256px;height:258px\"\/><\/figure>\n<\/div><\/div>\n\n\n\n<div class=\"wp-block-column is-layout-flow wp-block-column-is-layout-flow\" style=\"flex-basis:66.66%\">\n<h3 class=\"wp-block-heading has-text-align-left has-black-color has-text-color\">Luis Alejandro Palacio Garc\u00eda<\/h3>\n\n\n\n<p class=\"has-black-color has-text-color has-medium-font-size\">Doctor en Empirical Economics<\/p>\n<\/div>\n<\/div>\n\n\n\n<div style=\"height:100px\" aria-hidden=\"true\" class=\"wp-block-spacer\"><\/div>\n\n\n\n<div class=\"wp-block-columns is-layout-flex wp-container-core-columns-is-layout-9d6595d7 wp-block-columns-is-layout-flex\">\n<div class=\"wp-block-column is-layout-flow wp-block-column-is-layout-flow\" style=\"flex-basis:33.33%\"><div class=\"wp-block-image is-style-rounded\">\n<figure class=\"alignleft size-large is-resized\"><img decoding=\"async\" src=\"http:\/\/10.1.53.69\/mie\/wp-content\/uploads\/2023\/03\/MIEicon.png\" alt=\"\" style=\"width:256px;height:258px\"\/><\/figure>\n<\/div><\/div>\n\n\n\n<div class=\"wp-block-column is-layout-flow wp-block-column-is-layout-flow\" style=\"flex-basis:66.66%\">\n<h3 class=\"wp-block-heading has-text-align-left has-black-color has-text-color\">Cesar Augusto Roa<\/h3>\n\n\n\n<p class=\"has-black-color has-text-color has-medium-font-size\">Magister en Filosof\u00eda<\/p>\n<\/div>\n<\/div>\n\n\n\n<div style=\"height:100px\" aria-hidden=\"true\" class=\"wp-block-spacer\"><\/div>\n\n\n\n<div class=\"wp-block-columns is-layout-flex wp-container-core-columns-is-layout-9d6595d7 wp-block-columns-is-layout-flex\">\n<div class=\"wp-block-column is-layout-flow wp-block-column-is-layout-flow\" style=\"flex-basis:33.33%\"><div class=\"wp-block-image is-style-rounded\">\n<figure class=\"alignleft size-large is-resized\"><img decoding=\"async\" src=\"http:\/\/10.1.53.69\/mie\/wp-content\/uploads\/2023\/03\/MIEicon.png\" alt=\"\" style=\"width:256px;height:258px\"\/><\/figure>\n<\/div><\/div>\n\n\n\n<div class=\"wp-block-column is-layout-flow wp-block-column-is-layout-flow\" style=\"flex-basis:66.66%\">\n<h3 class=\"wp-block-heading has-text-align-left has-black-color has-text-color\">Emiliano de Jes\u00fas Lince Mercado<\/h3>\n\n\n\n<p class=\"has-black-color has-text-color has-medium-font-size\">Magister en Ingenier\u00eda: \u00c1rea Inform\u00e1tica, Ingeniero de Sistemas<\/p>\n<\/div>\n<\/div>\n\n\n\n<div style=\"height:100px\" aria-hidden=\"true\" class=\"wp-block-spacer\"><\/div>\n\n\n\n<div class=\"wp-block-columns is-layout-flex wp-container-core-columns-is-layout-9d6595d7 wp-block-columns-is-layout-flex\">\n<div class=\"wp-block-column is-layout-flow wp-block-column-is-layout-flow\" style=\"flex-basis:33.33%\"><div class=\"wp-block-image is-style-rounded\">\n<figure class=\"alignleft size-large is-resized\"><img decoding=\"async\" src=\"http:\/\/10.1.53.69\/mie\/wp-content\/uploads\/2023\/03\/MIEicon.png\" alt=\"\" style=\"width:256px;height:258px\"\/><\/figure>\n<\/div><\/div>\n\n\n\n<div class=\"wp-block-column is-layout-flow wp-block-column-is-layout-flow\" style=\"flex-basis:66.66%\">\n<h3 class=\"wp-block-heading has-text-align-left has-black-color has-text-color\">Giovanni L\u00f3pez Molina<\/h3>\n\n\n\n<p class=\"has-black-color has-text-color has-medium-font-size\">Magister en Ingenier\u00eda: \u00c1rea Inform\u00e1tica, Ingeniero de Sistemas<\/p>\n<\/div>\n<\/div>\n\n\n\n<div style=\"height:100px\" aria-hidden=\"true\" class=\"wp-block-spacer\"><\/div>\n\n\n\n<div class=\"wp-block-columns is-layout-flex wp-container-core-columns-is-layout-9d6595d7 wp-block-columns-is-layout-flex\">\n<div class=\"wp-block-column is-layout-flow wp-block-column-is-layout-flow\" style=\"flex-basis:33.33%\"><div class=\"wp-block-image is-style-rounded\">\n<figure class=\"alignleft size-large is-resized\"><img decoding=\"async\" src=\"http:\/\/10.1.53.69\/mie\/wp-content\/uploads\/2023\/03\/MIEicon.png\" alt=\"\" style=\"width:256px;height:258px\"\/><\/figure>\n<\/div><\/div>\n\n\n\n<div class=\"wp-block-column is-layout-flow wp-block-column-is-layout-flow\" style=\"flex-basis:66.66%\">\n<h3 class=\"wp-block-heading has-text-align-left has-black-color has-text-color\">Marta Ilce P\u00e9rez Angulo<\/h3>\n\n\n\n<p class=\"has-black-color has-text-color has-medium-font-size\">Magister en Pedagog\u00eda<\/p>\n<\/div>\n<\/div>\n\n\n\n<div style=\"height:100px\" aria-hidden=\"true\" class=\"wp-block-spacer\"><\/div>\n\n\n\n<div class=\"wp-block-columns is-layout-flex wp-container-core-columns-is-layout-9d6595d7 wp-block-columns-is-layout-flex\">\n<div class=\"wp-block-column is-layout-flow wp-block-column-is-layout-flow\" style=\"flex-basis:33.33%\"><div class=\"wp-block-image is-style-rounded\">\n<figure class=\"alignleft size-large is-resized\"><img decoding=\"async\" src=\"http:\/\/10.1.53.69\/mie\/wp-content\/uploads\/2023\/03\/MIEicon.png\" alt=\"\" style=\"width:256px;height:258px\"\/><\/figure>\n<\/div><\/div>\n\n\n\n<div class=\"wp-block-column is-layout-flow wp-block-column-is-layout-flow\" style=\"flex-basis:66.66%\">\n<h3 class=\"wp-block-heading has-text-align-left has-black-color has-text-color\">Juddy Amparo Valderrama Moreno<\/h3>\n\n\n\n<p class=\"has-black-color has-text-color has-medium-font-size\">Doctora en Ciencias de la Educaci\u00f3n<\/p>\n<\/div>\n<\/div>\n\n\n\n<div style=\"height:100px\" aria-hidden=\"true\" class=\"wp-block-spacer\"><\/div>\n\n\n\n<div class=\"wp-block-columns is-layout-flex wp-container-core-columns-is-layout-9d6595d7 wp-block-columns-is-layout-flex\">\n<div class=\"wp-block-column is-layout-flow wp-block-column-is-layout-flow\" style=\"flex-basis:33.33%\"><div class=\"wp-block-image is-style-rounded\">\n<figure class=\"alignleft size-large is-resized\"><img decoding=\"async\" src=\"http:\/\/10.1.53.69\/mie\/wp-content\/uploads\/2023\/03\/MIEicon.png\" alt=\"\" style=\"width:256px;height:258px\"\/><\/figure>\n<\/div><\/div>\n\n\n\n<div class=\"wp-block-column is-layout-flow wp-block-column-is-layout-flow\" style=\"flex-basis:66.66%\">\n<h3 class=\"wp-block-heading has-text-align-left has-black-color has-text-color\">Mairene Tob\u00f3n Ospino<\/h3>\n\n\n\n<p class=\"has-black-color has-text-color has-medium-font-size\">Doctora en Ciencias, Menci\u00f3n Gerencia<\/p>\n<\/div>\n<\/div>\n\n\n\n<div style=\"height:100px\" aria-hidden=\"true\" class=\"wp-block-spacer\"><\/div>\n\n\n\n<div class=\"wp-block-columns is-layout-flex wp-container-core-columns-is-layout-9d6595d7 wp-block-columns-is-layout-flex\">\n<div class=\"wp-block-column is-layout-flow wp-block-column-is-layout-flow\" style=\"flex-basis:33.33%\"><div class=\"wp-block-image is-style-rounded\">\n<figure class=\"alignleft size-large is-resized\"><img decoding=\"async\" src=\"http:\/\/10.1.53.69\/mie\/wp-content\/uploads\/2023\/03\/MIEicon.png\" alt=\"\" style=\"width:256px;height:258px\"\/><\/figure>\n<\/div><\/div>\n\n\n\n<div class=\"wp-block-column is-layout-flow wp-block-column-is-layout-flow\" style=\"flex-basis:66.66%\">\n<h3 class=\"wp-block-heading has-text-align-left has-black-color has-text-color\">Juan Diego Villamizar Escobar<\/h3>\n\n\n\n<p class=\"has-black-color has-text-color has-medium-font-size\">Doctor en Comunicaci\u00f3n<\/p>\n<\/div>\n<\/div>\n","protected":false},"excerpt":{"rendered":"<p>Programa Perfil del aspirante La Maestr\u00eda en Inform\u00e1tica para la Educaci\u00f3n, dado sus objetos de estudio y campos de aplicaci\u00f3n, ser\u00e1 una oferta educativa para profesionales de las distintas \u00e1reas del conocimiento. En ello se espera que, preferiblemente, los aspirantes sean agentes educativos activos de los niveles educativos de pre-escolar, b\u00e1sica y media, con el [&hellip;]<\/p>\n","protected":false},"author":1,"featured_media":510,"parent":0,"menu_order":0,"comment_status":"closed","ping_status":"closed","template":"page-templates\/no-sidebar.php","meta":{"footnotes":""},"class_list":["post-117","page","type-page","status-publish","has-post-thumbnail","hentry"],"_links":{"self":[{"href":"https:\/\/simon.uis.edu.co\/mie\/wp-json\/wp\/v2\/pages\/117","targetHints":{"allow":["GET"]}}],"collection":[{"href":"https:\/\/simon.uis.edu.co\/mie\/wp-json\/wp\/v2\/pages"}],"about":[{"href":"https:\/\/simon.uis.edu.co\/mie\/wp-json\/wp\/v2\/types\/page"}],"author":[{"embeddable":true,"href":"https:\/\/simon.uis.edu.co\/mie\/wp-json\/wp\/v2\/users\/1"}],"replies":[{"embeddable":true,"href":"https:\/\/simon.uis.edu.co\/mie\/wp-json\/wp\/v2\/comments?post=117"}],"version-history":[{"count":28,"href":"https:\/\/simon.uis.edu.co\/mie\/wp-json\/wp\/v2\/pages\/117\/revisions"}],"predecessor-version":[{"id":2765,"href":"https:\/\/simon.uis.edu.co\/mie\/wp-json\/wp\/v2\/pages\/117\/revisions\/2765"}],"wp:featuredmedia":[{"embeddable":true,"href":"https:\/\/simon.uis.edu.co\/mie\/wp-json\/wp\/v2\/media\/510"}],"wp:attachment":[{"href":"https:\/\/simon.uis.edu.co\/mie\/wp-json\/wp\/v2\/media?parent=117"}],"curies":[{"name":"wp","href":"https:\/\/api.w.org\/{rel}","templated":true}]}}