{"id":110,"date":"2023-04-08T08:01:40","date_gmt":"2023-04-08T13:01:40","guid":{"rendered":"http:\/\/10.1.54.164\/mie\/?page_id=110"},"modified":"2026-01-20T12:21:26","modified_gmt":"2026-01-20T17:21:26","slug":"inscripciones","status":"publish","type":"page","link":"https:\/\/simon.uis.edu.co\/mie\/inscripciones\/","title":{"rendered":"INSCRIPCIONES"},"content":{"rendered":"\n<h3 class=\"wp-block-heading has-text-align-center has-text-color has-large-font-size\" style=\"color:#8064a2\">INSCRIPCIONES ABIERTAS S\u00c9PTIMA COHORTE MAESTR\u00cdA EN INFORM\u00c1TICA PARA LA EDUCACI\u00d3N<\/h3>\n\n\n\n<p class=\"has-black-color has-text-color has-medium-font-size\">La Universidad Industrial de Santander se complace en informar que se encuentran abiertas las inscripciones para la s\u00e9ptima cohorte del programa de Maestr\u00eda en Inform\u00e1tica para la Educaci\u00f3n en Bucaramanga. Dirigida a interesados en la formaci\u00f3n a nivel de maestr\u00eda como docentes investigadores en la educaci\u00f3n pre-escolar, b\u00e1sica y media.&nbsp;<\/p>\n\n\n\n<p class=\"has-black-color has-text-color has-link-color has-medium-font-size wp-elements-9acc58b17a59c35edf74eb227698a4f7\">La Maestr\u00eda en Inform\u00e1tica para la Educaci\u00f3n, programa de profundizaci\u00f3n en la modalidad virtual, es un posgrado orientado por el enfoque pedag\u00f3gico probl\u00e9mico, dirigido a docentes de educaci\u00f3n pre-escolar, b\u00e1sica y media y otros profesionales interesados en formarse como docentes investigadores con capacidad para indagar, reflexionar y actuar en su contexto educativo, incorporando de forma creativa los recursos inform\u00e1ticos disponibles.<\/p>\n\n\n\n<p class=\"has-text-color has-link-color has-medium-font-size wp-elements-0f7f54eb7eff18c830f68da39225a06c\" style=\"color:#8064a2\"><strong>Informaci\u00f3n del Programa:<\/strong>&nbsp;<\/p>\n\n\n\n<ul class=\"wp-block-list has-black-color has-text-color has-link-color has-medium-font-size wp-elements-343258e3a4670081c8d660100972997b\">\n<li>Nivel de formaci\u00f3n: Maestr\u00eda.&nbsp;<\/li>\n\n\n\n<li>C\u00f3digo SNIES: 105930&nbsp;<\/li>\n\n\n\n<li>Registro calificado: Resoluci\u00f3n MEN 012523 de julio 30 de 2024. Vigencia 7 a\u00f1os.&nbsp;<\/li>\n\n\n\n<li>Dirigido a: La Maestr\u00eda en Inform\u00e1tica para la Educaci\u00f3n, dado sus objetos de estudio y campos de aplicaci\u00f3n, es una oferta educativa para profesionales de las distintas \u00e1reas del conocimiento.&nbsp;<\/li>\n\n\n\n<li>Duraci\u00f3n del programa: Cuatro (4) semestres&nbsp;<\/li>\n\n\n\n<li>Modalidad: <strong>VIRTUAL<\/strong>&nbsp;<\/li>\n\n\n\n<li>Coordinador: Prof. Hugo Hernando Andrade Sosa&nbsp;<\/li>\n<\/ul>\n\n\n\n<p class=\"has-text-color has-link-color has-medium-font-size wp-elements-4ae9e48c923a6b570e642a3469db577c\" style=\"color:#8064a2\"><strong>Inversi\u00f3n:<\/strong>&nbsp;<\/p>\n\n\n\n<p><\/p>\n\n\n\n<p class=\"has-black-color has-text-color has-medium-font-size\">Valor de inscripci\u00f3n: $418.992* (\u00danica vez)<\/p>\n\n\n\n<p class=\"has-black-color has-text-color has-medium-font-size\">Valor por semestre: $7.856.100*, distribuidos as\u00ed:<\/p>\n\n\n\n<ul class=\"wp-block-list has-black-color has-text-color\">\n<li class=\"has-medium-font-size\">Matr\u00edcula: $1.571.220* por semestre<\/li>\n\n\n\n<li class=\"has-medium-font-size\">Derechos acad\u00e9micos: $6.284.880* por semestre<\/li>\n<\/ul>\n\n\n\n<p>* Valor calculado seg\u00fan UVT 2026<\/p>\n\n\n\n<h3 class=\"wp-block-heading has-text-align-center has-text-color has-large-font-size\" style=\"color:#8064a2\">PROCESO DE INSCRIPCI\u00d3N<\/h3>\n\n\n\n<p class=\"has-black-color has-text-color has-link-color has-medium-font-size wp-elements-5c7069e78e72959580cec88c825b86fd\">Inscripci\u00f3n en l\u00ednea:\u202fA continuaci\u00f3n, se presentan los formatos, los cuales deben estar en PDF con un tama\u00f1o inferior a 10Mb. Estos documentos deben ser enviados a trav\u00e9s del formulario aqu\u00ed dispuesto, junto con la informaci\u00f3n solicitada.<\/p>\n\n\n\n<figure class=\"wp-block-image size-full is-style-default\"><img loading=\"lazy\" decoding=\"async\" width=\"1654\" height=\"1654\" src=\"https:\/\/simon.uis.edu.co\/mie\/wp-content\/uploads\/2025\/12\/Inscripcion-1.png\" alt=\"\" class=\"wp-image-2774\" style=\"object-fit:cover\" srcset=\"https:\/\/simon.uis.edu.co\/mie\/wp-content\/uploads\/2025\/12\/Inscripcion-1.png 1654w, https:\/\/simon.uis.edu.co\/mie\/wp-content\/uploads\/2025\/12\/Inscripcion-1-300x300.png 300w, https:\/\/simon.uis.edu.co\/mie\/wp-content\/uploads\/2025\/12\/Inscripcion-1-1024x1024.png 1024w, https:\/\/simon.uis.edu.co\/mie\/wp-content\/uploads\/2025\/12\/Inscripcion-1-150x150.png 150w, https:\/\/simon.uis.edu.co\/mie\/wp-content\/uploads\/2025\/12\/Inscripcion-1-768x768.png 768w, https:\/\/simon.uis.edu.co\/mie\/wp-content\/uploads\/2025\/12\/Inscripcion-1-1536x1536.png 1536w, https:\/\/simon.uis.edu.co\/mie\/wp-content\/uploads\/2025\/12\/Inscripcion-1-70x70.png 70w, https:\/\/simon.uis.edu.co\/mie\/wp-content\/uploads\/2025\/12\/Inscripcion-1-127x127.png 127w, https:\/\/simon.uis.edu.co\/mie\/wp-content\/uploads\/2025\/12\/Inscripcion-1-476x476.png 476w, https:\/\/simon.uis.edu.co\/mie\/wp-content\/uploads\/2025\/12\/Inscripcion-1-125x125.png 125w, https:\/\/simon.uis.edu.co\/mie\/wp-content\/uploads\/2025\/12\/Inscripcion-1-116x116.png 116w\" sizes=\"auto, (max-width: 1654px) 100vw, 1654px\" \/><\/figure>\n\n\n\n<div style=\"height:100px\" aria-hidden=\"true\" class=\"wp-block-spacer\"><\/div>\n\n\n\n<div class=\"wp-block-buttons is-content-justification-center is-layout-flex wp-container-core-buttons-is-layout-16018d1d wp-block-buttons-is-layout-flex\">\n<div class=\"wp-block-button has-custom-width wp-block-button__width-75\"><a class=\"wp-block-button__link has-background has-medium-font-size has-custom-font-size wp-element-button\" href=\"https:\/\/simon.uis.edu.co\/mie\/wp-content\/uploads\/2026\/01\/1.Instructivo-Liquidacion-y-pago-de-inscripcion-MIE_2026_1.pdf\" style=\"background-color:#8064a2\" target=\"_blank\" rel=\"noreferrer noopener\">INSTRUCTIVO GENERACI\u00d3N RECIBO DE INSCRIPCI\u00d3N<\/a><\/div>\n<\/div>\n\n\n\n<div style=\"height:100px\" aria-hidden=\"true\" class=\"wp-block-spacer\"><\/div>\n\n\n\n\n\n<div style=\"height:100px\" aria-hidden=\"true\" class=\"wp-block-spacer\"><\/div>\n\n\n\n<p class=\"has-large-font-size\"><strong>Informaci\u00f3n y descarga de los formatos para inscripci\u00f3n web MIE:<\/strong><\/p>\n\n\n\n<ul class=\"wp-block-list\">\n<li class=\"has-medium-font-size\"><strong>Formato carta aval:<\/strong> Este formato tiene como objetivo que el aspirante sea respaldado por uno de los grupos de investigaci\u00f3n que soportan el programa. El proceso de socializaci\u00f3n y selecci\u00f3n de grupos de investigaci\u00f3n se realizar\u00e1 posteriormente, por lo puede dejar en blanco los \u00faltimos tres campos relativos al grupo de investigaci\u00f3n y el director\/codirector del trabajo de aplicaci\u00f3n. Diligenciar los dem\u00e1s campos de acuerdo con las instrucciones presentes en el formato.<\/li>\n<\/ul>\n\n\n\n<div class=\"wp-block-buttons is-horizontal is-content-justification-right is-layout-flex wp-container-core-buttons-is-layout-136c641f wp-block-buttons-is-layout-flex\">\n<div class=\"wp-block-button has-custom-width wp-block-button__width-50\"><a class=\"wp-block-button__link has-background has-medium-font-size has-custom-font-size wp-element-button\" href=\"https:\/\/simon.uis.edu.co\/mie\/wp-content\/uploads\/2025\/12\/4.Formato-carta-aval_V2.pdf\" style=\"background-color:#8064a2\" target=\"_blank\" rel=\"noreferrer noopener\">Descargar formato carta aval<\/a><\/div>\n<\/div>\n\n\n\n<ul class=\"wp-block-list\">\n<li class=\"has-medium-font-size\"><strong>Formato carta de referencia acad\u00e9mica:<\/strong> Este formato presenta al aspirante por parte de dos (2) personas que hayan tenido relaci\u00f3n acad\u00e9mica con este. Puede ser profesores durante los estudios formales del aspirante o el rector o funcionarios superiores de la Instituci\u00f3n Educativa donde labora el docente. Diligenciar los campos de acuerdo con las instrucciones que tiene cada campo.<\/li>\n<\/ul>\n\n\n\n<div class=\"wp-block-buttons is-horizontal is-content-justification-right is-layout-flex wp-container-core-buttons-is-layout-136c641f wp-block-buttons-is-layout-flex\">\n<div class=\"wp-block-button has-custom-width wp-block-button__width-50\"><a class=\"wp-block-button__link has-background has-medium-font-size has-custom-font-size wp-element-button\" href=\"https:\/\/simon.uis.edu.co\/mie\/wp-content\/uploads\/2025\/12\/3.Formato-Carta-de-Referencia-Academica.pdf\" style=\"background-color:#8064a2\" target=\"_blank\" rel=\"noreferrer noopener\">Descargar carta de referencia acad\u00e9mica<\/a><\/div>\n<\/div>\n\n\n\n<ul class=\"wp-block-list\">\n<li class=\"has-medium-font-size\"><strong>Formato hoja de vida:<\/strong> Este es el formato para registrar la hoja de vida del aspirante. Agregue los datos de acuerdo con las indicaciones presentes en el formato. <\/li>\n<\/ul>\n\n\n\n<div class=\"wp-block-buttons is-horizontal is-content-justification-right is-layout-flex wp-container-core-buttons-is-layout-136c641f wp-block-buttons-is-layout-flex\">\n<div class=\"wp-block-button has-custom-width wp-block-button__width-50\"><a class=\"wp-block-button__link has-background has-medium-font-size has-custom-font-size wp-element-button\" href=\"https:\/\/simon.uis.edu.co\/mie\/wp-content\/uploads\/2025\/12\/1.Formato-Hoja-de-Vida.pdf\" style=\"background-color:#8064a2\" target=\"_blank\" rel=\"noreferrer noopener\">Descargar formato de hoja de vida<\/a><\/div>\n<\/div>\n\n\n\n<ul class=\"wp-block-list\">\n<li class=\"has-medium-font-size\"><strong>Formato inscripci\u00f3n:<\/strong> Este es el formato de inscripci\u00f3n a la Maestr\u00eda en Inform\u00e1tica para la Educaci\u00f3n. No olvide registrar publicaciones y otras experiencias acad\u00e9micas que ser\u00e1n tenidos en cuenta para el proceso de admisi\u00f3n.<\/li>\n<\/ul>\n\n\n\n<div class=\"wp-block-buttons is-horizontal is-content-justification-right is-layout-flex wp-container-core-buttons-is-layout-136c641f wp-block-buttons-is-layout-flex\">\n<div class=\"wp-block-button has-custom-width wp-block-button__width-50\"><a class=\"wp-block-button__link has-background has-medium-font-size has-custom-font-size wp-element-button\" href=\"https:\/\/simon.uis.edu.co\/mie\/wp-content\/uploads\/2025\/12\/2.Formato-Inscripcion.pdf\" style=\"background-color:#8064a2\" target=\"_blank\" rel=\"noreferrer noopener\">Descargar formato de inscripci\u00f3n Maestr\u00eda<\/a><\/div>\n<\/div>\n\n\n\n<div style=\"height:100px\" aria-hidden=\"true\" class=\"wp-block-spacer\"><\/div>\n\n\n\n<div class=\"wp-block-buttons is-content-justification-center is-layout-flex wp-container-core-buttons-is-layout-16018d1d wp-block-buttons-is-layout-flex\">\n<div class=\"wp-block-button has-custom-width wp-block-button__width-100 is-style-fill\"><a class=\"wp-block-button__link has-black-color has-luminous-vivid-amber-background-color has-text-color has-background has-link-color has-large-font-size has-custom-font-size wp-element-button\" href=\"https:\/\/simon.uis.edu.co\/mie\/inscripciones\/formulario-de-admision\/\" style=\"border-top-left-radius:44px;border-top-right-radius:44px;border-bottom-left-radius:44px;border-bottom-right-radius:44px\"><strong>FORMULARIO DE ADMISI\u00d3N<\/strong><\/a><\/div>\n<\/div>\n\n\n\n<div style=\"height:100px\" aria-hidden=\"true\" class=\"wp-block-spacer\"><\/div>\n\n\n\n<p class=\"has-black-color has-text-color has-medium-font-size\"><strong>Nota importante:<\/strong>&nbsp;El programa no requiere certificaci\u00f3n de nivel de lengua extranjera para el ingreso y proceso de admisi\u00f3n. Sin embargo, si usted cuenta con alg\u00fan nivel de competencia de lengua extranjera puede adjuntarlo y ser\u00e1 valorado durante el proceso de evaluaci\u00f3n de hoja de vida.<\/p>\n\n\n\n<h3 class=\"wp-block-heading has-text-align-center has-text-color has-large-font-size\" style=\"color:#8064a2\">PROCESO DE ADMISI\u00d3N<\/h3>\n\n\n\n<p class=\"has-black-color has-text-color has-medium-font-size\">Este proceso se realiza una vez finalizada la etapa de inscripciones. La selecci\u00f3n de aspirantes se realizar\u00e1 de acuerdo a lo normado en el art\u00edculo 91 del Reglamento General de Posgrado, donde se establece que el proceso estar\u00e1 a cargo del Comit\u00e9 Asesor de Programas de Posgrado teniendo en cuenta los resultados obtenidos por los aspirantes en:<\/p>\n\n\n\n<ol class=\"wp-block-list has-black-color has-text-color has-medium-font-size\">\n<li>Evaluaci\u00f3n de la hoja de vida (45 puntos). Ver criterios&nbsp;<a href=\"http:\/\/cormoran.uis.edu.co\/eisi\/images\/ArchivosEditor\/20161129151909-valoracin_hoja_de_vida.pdf\" target=\"_blank\" rel=\"noreferrer noopener\">aqu\u00ed<\/a>.<\/li>\n\n\n\n<li>Examen de conocimientos (45 puntos)<\/li>\n\n\n\n<li>Entrevista con el Comit\u00e9 Asesor de Programas de Posgrado (10 puntos)<\/li>\n<\/ol>\n\n\n\n<p class=\"has-black-color has-text-color has-medium-font-size\">El aspirante podr\u00e1 ser admitido al programa siempre y cuando alcance, luego del proceso de selecci\u00f3n, un puntaje no menor que sesenta (60) puntos y existan cupos disponibles. Los cupos se asignar\u00e1n a los aspirantes que obtengan los mayores puntajes en el proceso de admisi\u00f3n respectivo y en estricto orden descendente.<\/p>\n\n\n\n<h3 class=\"wp-block-heading has-text-align-center has-text-color has-large-font-size\" style=\"color:#8064a2\"><strong>FECHAS PROCESO INSCRIPCI\u00d3N Y ADMINISI\u00d3N MAESTR\u00cdA EN INFORM\u00c1TICA PARA LA EDUCACI\u00d3N<\/strong><\/h3>\n\n\n\n<table id=\"tablepress-2\" class=\"tablepress tablepress-id-2\">\n<tbody class=\"row-striping row-hover\">\n<tr class=\"row-1\">\n\t<td class=\"column-1\"><h4 style=\"color:black\">Cierre de inscripciones:<\/h4><\/td><td class=\"column-2\"><h4>Abril 6 de 2026<\/h4><\/td>\n<\/tr>\n<tr class=\"row-2\">\n\t<td class=\"column-1\"><h4 style=\"color:black\">Entrevista:<\/h4><\/td><td class=\"column-2\"><h4>Abril 9 a 11 de 2026 <\/h4><\/td>\n<\/tr>\n<tr class=\"row-3\">\n\t<td class=\"column-1\"><h4 style=\"color:black\">Prueba de ingreso:<\/h4><\/td><td class=\"column-2\"><h4>Abril 9 a 11 de 2026<\/h4><\/td>\n<\/tr>\n<tr class=\"row-4\">\n\t<td class=\"column-1\"><h4 style=\"color:black\">Publicaci\u00f3n de resultados:<\/h4><\/td><td class=\"column-2\"><h4>Abril 14 de 2026<\/h4><\/td>\n<\/tr>\n<tr class=\"row-5\">\n\t<td class=\"column-1\"><h4 style=\"color:black\">Matr\u00edcula acad\u00e9mica:<\/h4><\/td><td class=\"column-2\"><h4>Mayo 14 a Junio 16 de 2026<\/h4><\/td>\n<\/tr>\n<tr class=\"row-6\">\n\t<td class=\"column-1\"><h4 style=\"color:black\">Inducci\u00f3n a la vida Universitaria:<\/h4><\/td><td class=\"column-2\"><h4>Agosto 13 de 2026<\/h4><\/td>\n<\/tr>\n<tr class=\"row-7\">\n\t<td class=\"column-1\"><h4 style=\"color:black\">Inicio de clases:<\/h4><\/td><td class=\"column-2\"><h4>Agosto 14 de 2026<\/h4><\/td>\n<\/tr>\n<\/tbody>\n<\/table>\n<!-- #tablepress-2 from cache -->","protected":false},"excerpt":{"rendered":"<p>INSCRIPCIONES ABIERTAS S\u00c9PTIMA COHORTE MAESTR\u00cdA EN INFORM\u00c1TICA PARA LA EDUCACI\u00d3N La Universidad Industrial de Santander se complace en informar que se encuentran abiertas las inscripciones para la s\u00e9ptima cohorte del programa de Maestr\u00eda en Inform\u00e1tica para la Educaci\u00f3n en Bucaramanga. Dirigida a interesados en la formaci\u00f3n a nivel de maestr\u00eda como docentes investigadores en la [&hellip;]<\/p>\n","protected":false},"author":1,"featured_media":2573,"parent":0,"menu_order":0,"comment_status":"closed","ping_status":"closed","template":"page-templates\/no-sidebar.php","meta":{"footnotes":""},"class_list":["post-110","page","type-page","status-publish","has-post-thumbnail","hentry"],"_links":{"self":[{"href":"https:\/\/simon.uis.edu.co\/mie\/wp-json\/wp\/v2\/pages\/110","targetHints":{"allow":["GET"]}}],"collection":[{"href":"https:\/\/simon.uis.edu.co\/mie\/wp-json\/wp\/v2\/pages"}],"about":[{"href":"https:\/\/simon.uis.edu.co\/mie\/wp-json\/wp\/v2\/types\/page"}],"author":[{"embeddable":true,"href":"https:\/\/simon.uis.edu.co\/mie\/wp-json\/wp\/v2\/users\/1"}],"replies":[{"embeddable":true,"href":"https:\/\/simon.uis.edu.co\/mie\/wp-json\/wp\/v2\/comments?post=110"}],"version-history":[{"count":128,"href":"https:\/\/simon.uis.edu.co\/mie\/wp-json\/wp\/v2\/pages\/110\/revisions"}],"predecessor-version":[{"id":2824,"href":"https:\/\/simon.uis.edu.co\/mie\/wp-json\/wp\/v2\/pages\/110\/revisions\/2824"}],"wp:featuredmedia":[{"embeddable":true,"href":"https:\/\/simon.uis.edu.co\/mie\/wp-json\/wp\/v2\/media\/2573"}],"wp:attachment":[{"href":"https:\/\/simon.uis.edu.co\/mie\/wp-json\/wp\/v2\/media?parent=110"}],"curies":[{"name":"wp","href":"https:\/\/api.w.org\/{rel}","templated":true}]}}